{"id":781,"date":"2023-08-22T08:28:14","date_gmt":"2023-08-22T08:28:14","guid":{"rendered":"https:\/\/www.medmpaforum.org\/med-mpa-forum\/ledition-du-forum-2012\/"},"modified":"2024-09-03T14:11:01","modified_gmt":"2024-09-03T14:11:01","slug":"ledition-du-forum-2012","status":"publish","type":"page","link":"https:\/\/www.medmpaforum.org\/fr\/med-mpa-forum\/ledition-du-forum-2012\/","title":{"rendered":"\u00c9dition du Forum 2012"},"content":{"rendered":"\n<figure class=\"wp-block-image alignwide size-full\"><img loading=\"lazy\" decoding=\"async\" width=\"2560\" height=\"694\" src=\"https:\/\/www.medmpaforum.org\/wp-content\/uploads\/2023\/10\/Goupe_hd1-scaled.jpg\" alt=\"\" class=\"wp-image-702\" srcset=\"https:\/\/www.medmpaforum.org\/wp-content\/uploads\/2023\/10\/Goupe_hd1-scaled.jpg 2560w, https:\/\/www.medmpaforum.org\/wp-content\/uploads\/2023\/10\/Goupe_hd1-300x81.jpg 300w, https:\/\/www.medmpaforum.org\/wp-content\/uploads\/2023\/10\/Goupe_hd1-1024x278.jpg 1024w, https:\/\/www.medmpaforum.org\/wp-content\/uploads\/2023\/10\/Goupe_hd1-768x208.jpg 768w, https:\/\/www.medmpaforum.org\/wp-content\/uploads\/2023\/10\/Goupe_hd1-1536x416.jpg 1536w, https:\/\/www.medmpaforum.org\/wp-content\/uploads\/2023\/10\/Goupe_hd1-2048x555.jpg 2048w\" sizes=\"auto, (max-width: 2560px) 100vw, 2560px\" \/><\/figure>\n\n<div class=\"wp-block-columns is-layout-flex wp-container-core-columns-is-layout-0884d4d2 wp-block-columns-is-layout-flex\" style=\"margin-top:var(--wp--preset--spacing--50);margin-bottom:var(--wp--preset--spacing--50)\">\n<div class=\"wp-block-column is-layout-flow wp-block-column-is-layout-flow\">\n<p>Pour la premi\u00e8re fois en M\u00e9diterran\u00e9e, plus de 300 acteurs cl\u00e9s de l&rsquo;environnement marin se sont r\u00e9unis pour partager leurs exp\u00e9riences et \u00e9laborer une feuille de route commune afin de faire progresser le r\u00e9seau des Aires Marines Prot\u00e9g\u00e9es en M\u00e9diterran\u00e9e.<\/p>\n\n\n\n<p>Venus de l&rsquo;un des 21 pays bordant la M\u00e9diterran\u00e9e et au-del\u00e0, des repr\u00e9sentants d&rsquo;agences nationales, des gestionnaires de terrain, des scientifiques, des organisations non gouvernementales, des partenaires r\u00e9gionaux ou internationaux et des acteurs \u00e9conomiques locaux sont venus partager leurs exp\u00e9riences, apprendre les uns des autres et travailler en r\u00e9seau.<\/p>\n\n\n\n<h2 class=\"wp-block-heading has-secondary-color has-text-color has-large-font-size\" style=\"margin-top:var(--wp--preset--spacing--40);margin-bottom:var(--wp--preset--spacing--40)\">La d\u00e9claration d&rsquo;Antalya et la feuille de route 2012 pour les AMP en M\u00e9diterran\u00e9e<\/h2>\n\n\n\n<p>La d\u00e9claration d&rsquo;Antalya et la feuille de route issue du forum de 2012 sont le r\u00e9sultat d&rsquo;un vaste processus participatif impliquant tous les acteurs concern\u00e9s (scientifiques, gestionnaires, d\u00e9cideurs, secteur priv\u00e9, soci\u00e9t\u00e9 civile) par les Aires Marines Prot\u00e9g\u00e9es en M\u00e9diterran\u00e9e. <\/p>\n\n\n\n<p>Le processus d&rsquo;\u00e9laboration de la feuille de route a \u00e9t\u00e9 men\u00e9 selon une approche progressive. En amont du Forum 2012 des Aires Marines Prot\u00e9g\u00e9es en M\u00e9diterran\u00e9e qui s&rsquo;est tenu \u00e0 Antalya en Turquie, des contributions ont \u00e9t\u00e9 demand\u00e9es au Comit\u00e9 de Pilotage du Forum, aux membres et partenaires du r\u00e9seau MedPAN, aux principales institutions europ\u00e9ennes m\u00e9diterran\u00e9ennes et internationales, aux Minist\u00e8res en charge des AMP (points focaux SPA\/RAC en particulier) et \u00e0 tous les participants du Forum (scientifiques, gestionnaires, repr\u00e9sentants des p\u00eacheurs, ONG, bailleurs de fonds &#8230;.).<\/p>\n\n\n\n<p>La feuille de route a \u00e9t\u00e9 dans un second temps enrichie des r\u00e9sultats de toutes les discussions et \u00e9changes qui ont eu lieu lors du Forum. Elle a \u00e9t\u00e9 approuv\u00e9e par l&rsquo;ensemble des participants lors de la derni\u00e8re journ\u00e9e du Forum. La feuille de route n&rsquo;est pas un document engageant formellement les pays mais elle permet de d\u00e9finir les \u00e9tapes que les pays m\u00e9diterran\u00e9ens, les organisations concern\u00e9es et les autres parties prenantes pourraient entreprendre individuellement et\/ou conjointement pour atteindre les objectifs 2020 fix\u00e9s pour le r\u00e9seau d&rsquo;AMP en M\u00e9diterran\u00e9e.<\/p>\n<\/div>\n\n\n\n<div class=\"wp-block-column is-layout-flow wp-block-column-is-layout-flow\" style=\"padding-left:var(--wp--preset--spacing--40)\">\n<h2 class=\"wp-block-heading has-tertiary-color has-text-color has-large-font-size\" style=\"margin-bottom:var(--wp--preset--spacing--30)\">T\u00e9l\u00e9charger<\/h2>\n\n\n\n<div class=\"wp-block-file\"><a id=\"wp-block-file--media-fe37b3c3-2d22-4bb6-8c36-2058c80f599d\" href=\"https:\/\/www.medmpaforum.org\/wp-content\/uploads\/2023\/10\/declaration_antalya_26_nov_web.pdf\" target=\"_blank\" rel=\"noreferrer noopener\">La d\u00e9claration d&rsquo;Antalya<\/a><a href=\"https:\/\/www.medmpaforum.org\/wp-content\/uploads\/2023\/10\/declaration_antalya_26_nov_web.pdf\" class=\"wp-block-file__button wp-element-button\" download=\"\" aria-describedby=\"wp-block-file--media-fe37b3c3-2d22-4bb6-8c36-2058c80f599d\"><i class=\"fas fa-angle-right\"><\/i><\/a><\/div>\n\n\n\n<div class=\"wp-block-file\"><a id=\"wp-block-file--media-fe37b3c3-2d22-4bb6-8c36-2058c80f599d\" href=\"https:\/\/www.medmpaforum.org\/wp-content\/uploads\/2023\/08\/ebsaws-2014-03-submission-medpan-2-en.pdf\" target=\"_blank\" rel=\"noreferrer noopener\">La feuille de route 2012<\/a><a href=\"https:\/\/www.medmpaforum.org\/wp-content\/uploads\/2023\/08\/ebsaws-2014-03-submission-medpan-2-en.pdf\" class=\"wp-block-file__button wp-element-button\" download=\"\" aria-describedby=\"wp-block-file--media-fe37b3c3-2d22-4bb6-8c36-2058c80f599d\"><i class=\"fas fa-angle-right\"><\/i><\/a><\/div>\n<\/div>\n<\/div>\n\n<figure class=\"wp-block-image alignfull size-full\"><img loading=\"lazy\" decoding=\"async\" width=\"1500\" height=\"861\" src=\"https:\/\/www.medmpaforum.org\/wp-content\/uploads\/2023\/10\/the_med_mpa_forum_2012_edition-3.jpg\" alt=\"\" class=\"wp-image-981\" srcset=\"https:\/\/www.medmpaforum.org\/wp-content\/uploads\/2023\/10\/the_med_mpa_forum_2012_edition-3.jpg 1500w, https:\/\/www.medmpaforum.org\/wp-content\/uploads\/2023\/10\/the_med_mpa_forum_2012_edition-3-300x172.jpg 300w, https:\/\/www.medmpaforum.org\/wp-content\/uploads\/2023\/10\/the_med_mpa_forum_2012_edition-3-1024x588.jpg 1024w, https:\/\/www.medmpaforum.org\/wp-content\/uploads\/2023\/10\/the_med_mpa_forum_2012_edition-3-768x441.jpg 768w\" sizes=\"auto, (max-width: 1500px) 100vw, 1500px\" \/><\/figure>\n\n<div class=\"wp-block-columns is-layout-flex wp-container-core-columns-is-layout-0884d4d2 wp-block-columns-is-layout-flex\" style=\"margin-top:var(--wp--preset--spacing--50);margin-bottom:var(--wp--preset--spacing--50)\">\n<div class=\"wp-block-column is-layout-flow wp-block-column-is-layout-flow\">\n<h2 class=\"wp-block-heading has-secondary-color has-text-color has-large-font-size\" style=\"margin-top:0\">Aper\u00e7u de l&rsquo;\u00e9tat des aires marines prot\u00e9g\u00e9es en M\u00e9diterran\u00e9e en 2012<\/h2>\n\n\n\n<p>Le Forum est \u00e9galement l&rsquo;occasion de partager les principaux r\u00e9sultats de l&rsquo;\u00e9tude 2012 sur l&rsquo;\u00e9tat des Aires Marines Prot\u00e9g\u00e9es en M\u00e9diterran\u00e9e men\u00e9e par MedPAN et le SPA\/RAC. <\/p>\n\n\n\n<p>La M\u00e9diterran\u00e9e est consid\u00e9r\u00e9e comme l&rsquo;une des \u00e9cor\u00e9gions prioritaires au niveau mondial et constitue l&rsquo;un des principaux points chauds de la biodiversit\u00e9 marine et c\u00f4ti\u00e8re. Bien qu&rsquo;elle repr\u00e9sente moins de 1 % de la surface mondiale des oc\u00e9ans, elle abrite pr\u00e8s de 20 % de la biodiversit\u00e9 marine mondiale et pr\u00e9sente un niveau \u00e9lev\u00e9 d&rsquo;end\u00e9misme, allant jusqu&rsquo;\u00e0 pr\u00e8s de 50 % pour certains groupes. Il s&rsquo;agit d&rsquo;une zone de reproduction importante pour plusieurs esp\u00e8ces p\u00e9lagiques cl\u00e9s, dont certaines sont menac\u00e9es. L&rsquo;urbanisation intense, le tourisme, le trafic maritime, la surp\u00eache, la pollution et les changements globaux p\u00e8sent lourdement sur cet environnement.<\/p>\n\n\n\n<p>Le SPA\/RAC et MedPAN travaillent avec leurs partenaires (UICN, WWF, ONG locales, organismes de recherche, &#8230;) pour \u00e9tablir un r\u00e9seau \u00e9cologique d&rsquo;AMP prot\u00e9geant au moins 10% des eaux marines et c\u00f4ti\u00e8res, repr\u00e9sentatif de la diversit\u00e9 de la M\u00e9diterran\u00e9e et compos\u00e9 d&rsquo;AMP \u00e9cologiquement interconnect\u00e9es et bien g\u00e9r\u00e9es, conform\u00e9ment aux directives de l\u2019\u00e9poque de la Convention sur la Diversit\u00e9 Biologique et de la Convention de Barcelone.<\/p>\n\n\n\n<p>Le but de cette \u00e9tude est d&rsquo;\u00e9valuer en 2012 les progr\u00e8s r\u00e9alis\u00e9s, depuis le premier inventaire r\u00e9alis\u00e9 en 2008, sur le r\u00e9seau m\u00e9diterran\u00e9en d&rsquo;AMP au regard des objectifs mentionn\u00e9s ci-dessus: le r\u00e9seau couvre-t-il 10% de la M\u00e9diterran\u00e9e, est-il repr\u00e9sentatif de la diversit\u00e9 de la M\u00e9diterran\u00e9e, les AMP sont-elles bien interconnect\u00e9es et bien g\u00e9r\u00e9es?<\/p>\n\n\n\n<p>Cette \u00e9tude a utilis\u00e9 l&rsquo;inventaire MAPAMED 2011-2012 r\u00e9alis\u00e9 sur les AMP et un questionnaire d&rsquo;enqu\u00eate envoy\u00e9 aux gestionnaires, tous deux men\u00e9s conjointement par MedPAN et le SPA\/RAC.<\/p>\n<\/div>\n\n\n\n<div class=\"wp-block-column is-layout-flow wp-container-core-column-is-layout-9adfd1c9 wp-block-column-is-layout-flow\" style=\"padding-top:0;padding-right:0;padding-bottom:0;padding-left:var(--wp--preset--spacing--40)\">\n<h2 class=\"wp-block-heading has-tertiary-color has-text-color has-large-font-size\" style=\"margin-bottom:var(--wp--preset--spacing--30)\">T\u00e9l\u00e9charger<\/h2>\n\n\n\n<div class=\"wp-block-file\"><a id=\"wp-block-file--media-9ddd4741-4954-4e8a-9775-4aff8796d6b2\" href=\"https:\/\/www.medmpaforum.org\/wp-content\/uploads\/2023\/08\/5_status_of_marine_protected_areas_in_the_mediterranean_2012.pdf\" target=\"_blank\" rel=\"noreferrer noopener\">Le Statut des Aires Marines Prot\u00e9g\u00e9es en 2012<\/a><a href=\"https:\/\/www.medmpaforum.org\/wp-content\/uploads\/2023\/08\/5_status_of_marine_protected_areas_in_the_mediterranean_2012.pdf\" class=\"wp-block-file__button wp-element-button\" download=\"\" aria-describedby=\"wp-block-file--media-9ddd4741-4954-4e8a-9775-4aff8796d6b2\"><i class=\"fas fa-angle-right\"><\/i><\/a><\/div>\n<\/div>\n<\/div>\n\n<div class=\"wp-block-columns is-layout-flex wp-container-core-columns-is-layout-0884d4d2 wp-block-columns-is-layout-flex\" style=\"margin-top:var(--wp--preset--spacing--50);margin-bottom:var(--wp--preset--spacing--50)\">\n<div class=\"wp-block-column is-layout-flow wp-block-column-is-layout-flow\">\n<h2 class=\"wp-block-heading has-secondary-color has-text-color has-large-font-size\">Le programme et les actes du Forum 2012<\/h2>\n\n\n\n<p class=\"has-tertiary-color has-text-color\"><strong>2012 Forum of Marine Protected Areas in the Mediterranean: a Roadmaptowards 2020!<\/strong><\/p>\n\n\n\n<p>Le Forum 2012 pour les Aires Marines Prot\u00e9g\u00e9es en M\u00e9diterran\u00e9e s&rsquo;est tenu du 25 au 28 novembre 2012 \u00e0 Antalya (Turquie) et a \u00e9t\u00e9 organis\u00e9 par l&rsquo;Association MedPAN et ses partenaires, le SPA\/RAC, la Direction G\u00e9n\u00e9rale pour la Protection des Actifs Naturels (Turquie) et le Programme des Nations Unies pour le D\u00e9veloppement (PNUD) en Turquie. L&rsquo;\u00e9v\u00e9nement s&rsquo;est cl\u00f4tur\u00e9 par l&rsquo;adoption d&rsquo;une feuille de route dont l&rsquo;objectif est de parvenir d&rsquo;ici 2020 \u00e0 un r\u00e9seau complet, \u00e9cologiquement repr\u00e9sentatif, efficacement g\u00e9r\u00e9 et surveill\u00e9 des Aires Marines Prot\u00e9g\u00e9es en M\u00e9diterran\u00e9e. <\/p>\n\n\n\n<p>Vous pouvez consulter les Actes du Forum 2012 pour en savoir plus sur les sessions pl\u00e9ni\u00e8res, les tables rondes, les ateliers et les sessions de r\u00e9flexion qui ont eu lieu pendant l&rsquo;\u00e9v\u00e9nement et sur toutes les recommandations du Forum 2012.<\/p>\n<\/div>\n\n\n\n<div class=\"wp-block-column is-layout-flow wp-container-core-column-is-layout-32618fe7 wp-block-column-is-layout-flow\" style=\"padding-left:var(--wp--preset--spacing--40)\">\n<h2 class=\"wp-block-heading has-tertiary-color has-text-color has-large-font-size\" style=\"margin-bottom:var(--wp--preset--spacing--30)\">T\u00e9l\u00e9charger<\/h2>\n\n\n\n<div class=\"wp-block-file\"><a id=\"wp-block-file--media-4807d365-5cc3-496c-90d5-1abccb4539e5\" href=\"https:\/\/www.medmpaforum.org\/wp-content\/uploads\/2023\/10\/mpa_2012_proc_en.pdf\" target=\"_blank\" rel=\"noreferrer noopener\">Actes du Forum 2012<\/a><a href=\"https:\/\/www.medmpaforum.org\/wp-content\/uploads\/2023\/10\/mpa_2012_proc_en.pdf\" class=\"wp-block-file__button wp-element-button\" download=\"\" aria-describedby=\"wp-block-file--media-4807d365-5cc3-496c-90d5-1abccb4539e5\"><i class=\"fas fa-angle-right\"><\/i><\/a><\/div>\n<\/div>\n<\/div>\n\n<h2 class=\"wp-block-heading has-secondary-color has-text-color has-large-font-size\">The 2012 Photos and Videos<\/h2>\n\n<div class=\"wp-block-columns is-layout-flex wp-container-core-columns-is-layout-28232c24 wp-block-columns-is-layout-flex\">\n<div class=\"wp-block-column is-layout-flow wp-block-column-is-layout-flow\">\n<div class=\"wp-block-cover\"><span aria-hidden=\"true\" class=\"wp-block-cover__background has-background-dim\"><\/span><img loading=\"lazy\" decoding=\"async\" width=\"800\" height=\"531\" class=\"wp-block-cover__image-background wp-image-973\" alt=\"\" src=\"https:\/\/www.medmpaforum.org\/wp-content\/uploads\/2023\/10\/53248581575_b87d95f8a4_c.jpg\" data-object-fit=\"cover\" srcset=\"https:\/\/www.medmpaforum.org\/wp-content\/uploads\/2023\/10\/53248581575_b87d95f8a4_c.jpg 800w, https:\/\/www.medmpaforum.org\/wp-content\/uploads\/2023\/10\/53248581575_b87d95f8a4_c-300x199.jpg 300w, https:\/\/www.medmpaforum.org\/wp-content\/uploads\/2023\/10\/53248581575_b87d95f8a4_c-768x510.jpg 768w\" sizes=\"auto, (max-width: 800px) 100vw, 800px\" \/><div class=\"wp-block-cover__inner-container is-layout-flow wp-block-cover-is-layout-flow\">\n<div class=\"wp-block-buttons is-content-justification-center is-layout-flex wp-container-core-buttons-is-layout-a89b3969 wp-block-buttons-is-layout-flex\">\n<div class=\"wp-block-button\"><a class=\"wp-block-button__link wp-element-button\" href=\"https:\/\/www.flickr.com\/photos\/194556732@N03\/albums\/72177720311821742\" target=\"_blank\" rel=\"noreferrer noopener\">Voir notre album photos<\/a><\/div>\n<\/div>\n<\/div><\/div>\n<\/div>\n\n\n\n<div class=\"wp-block-column is-layout-flow wp-block-column-is-layout-flow\">\n<div class=\"wp-block-cover\"><span aria-hidden=\"true\" class=\"wp-block-cover__background has-background-dim\"><\/span><img loading=\"lazy\" decoding=\"async\" width=\"791\" height=\"607\" class=\"wp-block-cover__image-background wp-image-121\" alt=\"\" src=\"https:\/\/www.medmpaforum.org\/wp-content\/uploads\/2023\/08\/MEDPAN_forum_single_img4.png\" data-object-fit=\"cover\" srcset=\"https:\/\/www.medmpaforum.org\/wp-content\/uploads\/2023\/08\/MEDPAN_forum_single_img4.png 791w, https:\/\/www.medmpaforum.org\/wp-content\/uploads\/2023\/08\/MEDPAN_forum_single_img4-300x230.png 300w, https:\/\/www.medmpaforum.org\/wp-content\/uploads\/2023\/08\/MEDPAN_forum_single_img4-768x589.png 768w\" sizes=\"auto, (max-width: 791px) 100vw, 791px\" \/><div class=\"wp-block-cover__inner-container is-layout-flow wp-block-cover-is-layout-flow\">\n<div class=\"wp-block-buttons is-content-justification-center is-layout-flex wp-container-core-buttons-is-layout-a89b3969 wp-block-buttons-is-layout-flex\">\n<div class=\"wp-block-button\"><a class=\"wp-block-button__link wp-element-button\" href=\"https:\/\/www.youtube.com\/playlist?list=PLI02uWx_NE4XIF4DeCD5E3wGoK2vrhEee\" target=\"_blank\" rel=\"noreferrer noopener\">Regarder les vid\u00e9os<\/a><\/div>\n<\/div>\n<\/div><\/div>\n<\/div>\n<\/div>\n\n<h3 class=\"wp-block-heading has-text-align-center has-secondary-color has-text-color has-large-font-size\" style=\"margin-top:var(--wp--preset--spacing--50);margin-bottom:var(--wp--preset--spacing--50)\">Voir les autres \u00e9ditions du Forum<\/h3>\n\n<div class=\"wp-block-buttons is-content-justification-center is-layout-flex wp-container-core-buttons-is-layout-5e545c37 wp-block-buttons-is-layout-flex\" style=\"margin-top:0;margin-bottom:var(--wp--preset--spacing--40)\">\n<div class=\"wp-block-button\"><a class=\"wp-block-button__link wp-element-button\" href=\"https:\/\/www.medmpaforum.org\/fr\/med-mpa-forum\/ledition-2016\/\" style=\"padding-top:var(--wp--preset--spacing--30);padding-right:var(--wp--preset--spacing--30);padding-bottom:var(--wp--preset--spacing--30);padding-left:var(--wp--preset--spacing--30)\"><strong>2016<\/strong><br\/>Forum Edition<\/a><\/div>\n\n\n\n<div class=\"wp-block-button hover-tertiary\"><a class=\"wp-block-button__link has-primary-background-color has-background wp-element-button\" href=\"https:\/\/www.medmpaforum.org\/fr\/med-mpa-forum\/ledition-2020-2021\/\" style=\"padding-top:var(--wp--preset--spacing--30);padding-right:var(--wp--preset--spacing--30);padding-bottom:var(--wp--preset--spacing--30);padding-left:var(--wp--preset--spacing--30)\"><strong>2020\/2021<\/strong><br\/>Forum Edition<\/a><\/div>\n<\/div>\n","protected":false},"excerpt":{"rendered":"<p>Pour la premi\u00e8re fois en M\u00e9diterran\u00e9e, plus de 300 acteurs cl\u00e9s de l&rsquo;environnement marin se sont r\u00e9unis pour partager leurs exp\u00e9riences et \u00e9laborer une feuille de route commune afin de faire progresser le r\u00e9seau des Aires Marines Prot\u00e9g\u00e9es en M\u00e9diterran\u00e9e. Venus de l&rsquo;un des 21 pays bordant la M\u00e9diterran\u00e9e et au-del\u00e0, des repr\u00e9sentants d&rsquo;agences nationales, [&hellip;]<\/p>\n","protected":false},"author":1,"featured_media":0,"parent":778,"menu_order":0,"comment_status":"closed","ping_status":"closed","template":"forum-page","meta":{"_eb_attr":"","footnotes":""},"class_list":["post-781","page","type-page","status-publish","hentry"],"_links":{"self":[{"href":"https:\/\/www.medmpaforum.org\/fr\/wp-json\/wp\/v2\/pages\/781","targetHints":{"allow":["GET"]}}],"collection":[{"href":"https:\/\/www.medmpaforum.org\/fr\/wp-json\/wp\/v2\/pages"}],"about":[{"href":"https:\/\/www.medmpaforum.org\/fr\/wp-json\/wp\/v2\/types\/page"}],"author":[{"embeddable":true,"href":"https:\/\/www.medmpaforum.org\/fr\/wp-json\/wp\/v2\/users\/1"}],"replies":[{"embeddable":true,"href":"https:\/\/www.medmpaforum.org\/fr\/wp-json\/wp\/v2\/comments?post=781"}],"version-history":[{"count":14,"href":"https:\/\/www.medmpaforum.org\/fr\/wp-json\/wp\/v2\/pages\/781\/revisions"}],"predecessor-version":[{"id":2072,"href":"https:\/\/www.medmpaforum.org\/fr\/wp-json\/wp\/v2\/pages\/781\/revisions\/2072"}],"up":[{"embeddable":true,"href":"https:\/\/www.medmpaforum.org\/fr\/wp-json\/wp\/v2\/pages\/778"}],"wp:attachment":[{"href":"https:\/\/www.medmpaforum.org\/fr\/wp-json\/wp\/v2\/media?parent=781"}],"curies":[{"name":"wp","href":"https:\/\/api.w.org\/{rel}","templated":true}]}}