{"id":785,"date":"2023-08-30T13:13:24","date_gmt":"2023-08-30T13:13:24","guid":{"rendered":"https:\/\/www.medmpaforum.org\/med-mpa-forum\/ledition-2020-2021\/"},"modified":"2024-06-20T07:27:36","modified_gmt":"2024-06-20T07:27:36","slug":"ledition-2020-2021","status":"publish","type":"page","link":"https:\/\/www.medmpaforum.org\/fr\/med-mpa-forum\/ledition-2020-2021\/","title":{"rendered":"\u00c9dition du Forum 2020\/2021"},"content":{"rendered":"\n<figure class=\"wp-block-image alignwide size-large\"><img loading=\"lazy\" decoding=\"async\" width=\"1024\" height=\"683\" src=\"https:\/\/www.medmpaforum.org\/wp-content\/uploads\/2023\/10\/MedMPAForum_event-4-1024x683.jpg\" alt=\"\" class=\"wp-image-711\" srcset=\"https:\/\/www.medmpaforum.org\/wp-content\/uploads\/2023\/10\/MedMPAForum_event-4-1024x683.jpg 1024w, https:\/\/www.medmpaforum.org\/wp-content\/uploads\/2023\/10\/MedMPAForum_event-4-300x200.jpg 300w, https:\/\/www.medmpaforum.org\/wp-content\/uploads\/2023\/10\/MedMPAForum_event-4-768x512.jpg 768w, https:\/\/www.medmpaforum.org\/wp-content\/uploads\/2023\/10\/MedMPAForum_event-4-1536x1024.jpg 1536w, https:\/\/www.medmpaforum.org\/wp-content\/uploads\/2023\/10\/MedMPAForum_event-4.jpg 2048w\" sizes=\"auto, (max-width: 1024px) 100vw, 1024px\" \/><\/figure>\n\n<div class=\"wp-block-columns is-layout-flex wp-container-core-columns-is-layout-0884d4d2 wp-block-columns-is-layout-flex\" style=\"margin-top:var(--wp--preset--spacing--50);margin-bottom:var(--wp--preset--spacing--50)\">\n<div class=\"wp-block-column is-layout-flow wp-block-column-is-layout-flow\">\n<p>Le Forum de Monaco, qui s&rsquo;est d\u00e9roul\u00e9 en novembre 2021, a conclu le processus du Forum 2020-2021, qui a d\u00e9but\u00e9 fin 2020 par des consultations en ligne avec l&rsquo;ensemble de la communaut\u00e9 des AMP, r\u00e9unissant des gestionnaires, des d\u00e9cideurs politiques, des scientifiques, des acteurs \u00e9conomiques, des organisations r\u00e9gionales et internationales, des ONG et des bailleurs de fonds de tous les pays m\u00e9diterran\u00e9ens et au-del\u00e0.<\/p>\n\n\n\n<p>Le processus participatif a d\u00e9but\u00e9 en 2020 pendant la pand\u00e9mie de Covid, sous la direction du R\u00e9seau des gestionnaires d&rsquo;aires marines prot\u00e9g\u00e9es en M\u00e9diterran\u00e9e (MedPAN), du Centre d&rsquo;activit\u00e9s r\u00e9gionales pour les aires sp\u00e9cialement prot\u00e9g\u00e9es (SPA\/RAC) du Programme des Nations unies pour l&rsquo;environnement\/Plan d&rsquo;action pour la M\u00e9diterran\u00e9e (PNUE\/PAM) &#8211; Convention de Barcelone, et du Programme m\u00e9diterran\u00e9en du Fonds mondial pour la nature (WWF).<\/p>\n\n\n\n<p>Une enqu\u00eate sur les facteurs limitant la r\u00e9alisation des objectifs des AMP a \u00e9t\u00e9 lanc\u00e9e en octobre 2020, \u00e0 laquelle plus de 360 r\u00e9ponses ont \u00e9t\u00e9 re\u00e7ues. En novembre 2020, des groupes de travail en ligne ont \u00e9t\u00e9 convoqu\u00e9s afin d&rsquo;identifier des recommandations pratiques pour surmonter les facteurs limitants divis\u00e9s par domaines th\u00e9matiques : Politique et gouvernance, L\u00e9gislation et application, Gestion et connaissances, Capacit\u00e9 et sensibilisation, et Financement durable. Ces groupes de travail comprenaient plus de 170 personnes de toute la M\u00e9diterran\u00e9e et d&rsquo;ailleurs.<\/p>\n\n\n\n<p>Des questionnaires et des \u00e9changes virtuels ont \u00e9t\u00e9 utilis\u00e9s pour faire le point sur l&rsquo;\u00e9tat actuel des AMP et pour partager une vision des d\u00e9fis et des actions prioritaires \u00e0 entreprendre en M\u00e9diterran\u00e9e dans les ann\u00e9es \u00e0 venir.<\/p>\n<\/div>\n\n\n\n<div class=\"wp-block-column is-layout-flow wp-container-core-column-is-layout-9adfd1c9 wp-block-column-is-layout-flow\" style=\"padding-top:0;padding-right:0;padding-bottom:0;padding-left:var(--wp--preset--spacing--40)\">\n<h2 class=\"wp-block-heading has-tertiary-color has-text-color has-large-font-size\" style=\"margin-bottom:var(--wp--preset--spacing--30)\">T\u00e9l\u00e9charger<\/h2>\n\n\n\n<div class=\"wp-block-file\"><a id=\"wp-block-file--media-9ec7f4d5-7b0c-45da-b55e-f5c22692fd97\" href=\"https:\/\/www.medmpaforum.org\/wp-content\/uploads\/2023\/10\/medpan-mpa-2023-roadmap-en_ok_0.pdf\" target=\"_blank\" rel=\"noreferrer noopener\">Cap sur 2030 &#8211; Feuille de route pour les Aires Marines Prot\u00e9g\u00e9es de M\u00e9diterran\u00e9e pour l\u2019apr\u00e8s 2020<\/a><a href=\"https:\/\/www.medmpaforum.org\/wp-content\/uploads\/2023\/10\/medpan-mpa-2023-roadmap-en_ok_0.pdf\" class=\"wp-block-file__button wp-element-button\" download=\"\" aria-describedby=\"wp-block-file--media-9ec7f4d5-7b0c-45da-b55e-f5c22692fd97\"><i class=\"fas fa-angle-right\"><\/i><\/a><\/div>\n<\/div>\n<\/div>\n\n<figure class=\"wp-block-image alignfull size-full\"><img loading=\"lazy\" decoding=\"async\" width=\"2560\" height=\"1707\" src=\"https:\/\/www.medmpaforum.org\/wp-content\/uploads\/2024\/03\/51732936968_f25d6fc7db_o-scaled.jpg\" alt=\"\" class=\"wp-image-1727\" srcset=\"https:\/\/www.medmpaforum.org\/wp-content\/uploads\/2024\/03\/51732936968_f25d6fc7db_o-scaled.jpg 2560w, https:\/\/www.medmpaforum.org\/wp-content\/uploads\/2024\/03\/51732936968_f25d6fc7db_o-300x200.jpg 300w, https:\/\/www.medmpaforum.org\/wp-content\/uploads\/2024\/03\/51732936968_f25d6fc7db_o-1024x683.jpg 1024w, https:\/\/www.medmpaforum.org\/wp-content\/uploads\/2024\/03\/51732936968_f25d6fc7db_o-768x512.jpg 768w, https:\/\/www.medmpaforum.org\/wp-content\/uploads\/2024\/03\/51732936968_f25d6fc7db_o-1536x1024.jpg 1536w, https:\/\/www.medmpaforum.org\/wp-content\/uploads\/2024\/03\/51732936968_f25d6fc7db_o-2048x1365.jpg 2048w\" sizes=\"auto, (max-width: 2560px) 100vw, 2560px\" \/><\/figure>\n\n<div class=\"wp-block-columns is-layout-flex wp-container-core-columns-is-layout-0884d4d2 wp-block-columns-is-layout-flex\" style=\"margin-top:var(--wp--preset--spacing--50);margin-bottom:var(--wp--preset--spacing--50)\">\n<div class=\"wp-block-column is-layout-flow wp-block-column-is-layout-flow\">\n<h2 class=\"wp-block-heading has-secondary-color has-text-color has-large-font-size\">La feuille de route pour l&rsquo;apr\u00e8s-2020<\/h2>\n\n\n\n<p>La feuille de route pour les AMP m\u00e9diterran\u00e9ennes post-2020 (et le processus du Forum en g\u00e9n\u00e9ral) permet aux parties prenantes \u00e0 diff\u00e9rents niveaux d&rsquo;identifier les actions prioritaires et les m\u00e9canismes de coordination pour conduire la mise en \u0153uvre des objectifs internationaux en mati\u00e8re d&rsquo;AMP en M\u00e9diterran\u00e9e, et soutient en particulier la strat\u00e9gie r\u00e9gionale post-2020 de la Convention de Barcelone pour les AMP et les AMCE adopt\u00e9e par la COP 22 de la Convention de Barcelone en d\u00e9cembre 2021.<\/p>\n\n\n\n<p>Constatant le manque de progr\u00e8s r\u00e9alis\u00e9s depuis la derni\u00e8re feuille de route et la difficult\u00e9 de mesurer ces progr\u00e8s, une approche diff\u00e9rente sera adopt\u00e9e avec cette feuille de route pour assurer le suivi p\u00e9riodique des engagements.<\/p>\n\n\n\n<p>Gr\u00e2ce \u00e0 cette nouvelle plateforme, un m\u00e9canisme de suivi et d&rsquo;\u00e9valuation de la mise en \u0153uvre, avec des indicateurs cl\u00e9s \u00e0 suivre, est en cours d&rsquo;\u00e9laboration.<\/p>\n<\/div>\n\n\n\n<div class=\"wp-block-column is-layout-flow wp-block-column-is-layout-flow\" style=\"padding-left:var(--wp--preset--spacing--40)\">\n<h2 class=\"wp-block-heading has-tertiary-color has-text-color has-large-font-size\" style=\"margin-bottom:var(--wp--preset--spacing--30)\">T\u00e9l\u00e9charger<\/h2>\n\n\n\n<div class=\"wp-block-file\"><a id=\"wp-block-file--media-aac8ebc6-84a9-4e3c-a413-ed80ff2ea3d3\" href=\"https:\/\/www.medmpaforum.org\/wp-content\/uploads\/2023\/10\/medpan-mpa-2023-roadmap-en_ok_0-1.pdf\" target=\"_blank\" rel=\"noreferrer noopener\">Cap sur 2030 &#8211; Feuille de route pour les Aires Marines Prot\u00e9g\u00e9es de M\u00e9diterran\u00e9e pour l\u2019apr\u00e8s 2020<\/a><a href=\"https:\/\/www.medmpaforum.org\/wp-content\/uploads\/2023\/10\/medpan-mpa-2023-roadmap-en_ok_0-1.pdf\" class=\"wp-block-file__button wp-element-button\" download=\"\" aria-describedby=\"wp-block-file--media-aac8ebc6-84a9-4e3c-a413-ed80ff2ea3d3\"><i class=\"fas fa-angle-right\"><\/i><\/a><\/div>\n<\/div>\n<\/div>\n\n<div class=\"wp-block-columns is-layout-flex wp-container-core-columns-is-layout-0884d4d2 wp-block-columns-is-layout-flex\" style=\"margin-top:var(--wp--preset--spacing--50);margin-bottom:var(--wp--preset--spacing--50)\">\n<div class=\"wp-block-column is-layout-flow wp-block-column-is-layout-flow\">\n<h2 class=\"wp-block-heading has-secondary-color has-text-color has-large-font-size\">The 2020\/2021 Forum Programme and Proceedings<\/h2>\n\n\n\n<p>Ce Forum conclut le processus de d\u00e9veloppement de la Feuille de Route des AMP m\u00e9diterran\u00e9ennes post-2020 qui a d\u00e9but\u00e9 en octobre 2020 par une vaste consultation en ligne multipartite. Une partie importante du programme du Forum est donc ax\u00e9e sur la finalisation de la feuille de route des AMP post-2020 et le d\u00e9veloppement d&rsquo;un cadre de mise en \u0153uvre align\u00e9 sur le Cadre mondial pour la biodiversit\u00e9 post-2020 d\u00e9velopp\u00e9 par la Convention sur la diversit\u00e9 biologique et compl\u00e9mentaire \u00e0 la strat\u00e9gie r\u00e9gionale post-2020 pour les AMP et les OECM en M\u00e9diterran\u00e9e d\u00e9velopp\u00e9e dans le cadre de la Convention de Barcelone.<\/p>\n\n\n\n<p>Outre les sessions pl\u00e9ni\u00e8res au d\u00e9but et \u00e0 la fin du Forum, le programme comprenait 30 sessions de discussion qui ont contribu\u00e9 aux recommandations de la feuille de route, des sessions th\u00e9matiques de mise en r\u00e9seau rassemblant des initiatives autour d&rsquo;un th\u00e8me sp\u00e9cifique, des \u00e9v\u00e9nements parall\u00e8les c\u00e9l\u00e9brant des r\u00e9alisations ou des initiatives r\u00e9ussies ainsi que des sessions de travail de la feuille de route refl\u00e9tant les \u00e9changes de sessions dans la feuille de route. De mani\u00e8re plus g\u00e9n\u00e9rale, le Forum a \u00e9t\u00e9 l&rsquo;occasion d&rsquo;une mise en r\u00e9seau et d&rsquo;un partage d&rsquo;exp\u00e9riences au sein de la communaut\u00e9 des AMP.<\/p>\n\n\n\n<p>Le programme du Forum s&rsquo;est articul\u00e9 autour des 6 domaines th\u00e9matiques des objectifs de la feuille de route pour les aires marines prot\u00e9g\u00e9es de la M\u00e9diterran\u00e9e pour l&rsquo;apr\u00e8s-2020 :<\/p>\n\n\n\n<ul class=\"wp-block-list\">\n<li>Domaine th\u00e9matique 1 : Politique, gouvernance<\/li>\n\n\n\n<li>Domaine th\u00e9matique 2 : L\u00e9gislation et application de la loi<\/li>\n\n\n\n<li>Domaine th\u00e9matique 3 : Gestion, connaissance<\/li>\n\n\n\n<li>Domaine th\u00e9matique 4 : Capacit\u00e9 et sensibilisation<\/li>\n\n\n\n<li>Domaine th\u00e9matique 5 : Financement durable<\/li>\n\n\n\n<li>Domaine th\u00e9matique 6 : sujets transversaux<\/li>\n<\/ul>\n<\/div>\n\n\n\n<div class=\"wp-block-column is-layout-flow wp-block-column-is-layout-flow\">\n<h2 class=\"wp-block-heading has-tertiary-color has-text-color has-link-color has-large-font-size wp-elements-6a8692efb9327b4393ad717a3d1b99ce\">T\u00e9l\u00e9charger<\/h2>\n\n\n\n<div class=\"wp-block-file\"><a id=\"wp-block-file--media-9ddd4741-4954-4e8a-9775-4aff8796d6b2\" href=\"https:\/\/www.medmpaforum.org\/wp-content\/uploads\/2023\/08\/Programme_overview_Forum_2020_en.pdf\" target=\"_blank\" rel=\"noreferrer noopener\">Programme<\/a><a href=\"https:\/\/www.medmpaforum.org\/wp-content\/uploads\/2023\/08\/Programme_overview_Forum_2020_en.pdf\" class=\"wp-block-file__button wp-element-button\" download=\"\" aria-describedby=\"wp-block-file--media-9ddd4741-4954-4e8a-9775-4aff8796d6b2\"><i class=\"fas fa-angle-right\"><\/i><\/a><\/div>\n<\/div>\n<\/div>\n\n<div class=\"wp-block-columns is-layout-flex wp-container-core-columns-is-layout-28f84493 wp-block-columns-is-layout-flex\">\n<div class=\"wp-block-column is-layout-flow wp-block-column-is-layout-flow\">\n<h2 class=\"wp-block-heading has-secondary-color has-text-color has-large-font-size\">Zoom sur l&rsquo;\u00e9tat des AMP en 2020<\/h2>\n\n\n\n<p>MedPAN et le SPA\/RAC travaillent avec leurs partenaires (IUCN, WWF, ONG locales, organisations de recherche, etc.) pour \u00e9tablir un r\u00e9seau \u00e9cologique d&rsquo;AMP afin de prot\u00e9ger au moins 30 % des eaux marines et c\u00f4ti\u00e8res, repr\u00e9sentatif de la diversit\u00e9 de la M\u00e9diterran\u00e9e et compos\u00e9 d&rsquo;AMP \u00e9cologiquement interconnect\u00e9es et bien g\u00e9r\u00e9es, conform\u00e9ment aux derni\u00e8res directives de la Convention sur la Diversit\u00e9 Biologique et de la Convention de Barcelone.<\/p>\n\n\n\n<p>Tous les 4 ans, MedPAN et le SPA\/RAC r\u00e9alisent l&rsquo;\u00e9tat des lieux des AMP m\u00e9diterran\u00e9ennes afin d&rsquo;\u00e9valuer les progr\u00e8s r\u00e9alis\u00e9s, depuis le premier inventaire r\u00e9alis\u00e9 en 2008, sur le syst\u00e8me m\u00e9diterran\u00e9en d&rsquo;AMP au regard des objectifs mentionn\u00e9s ci-dessus : le r\u00e9seau couvre-t-il 10 % de la M\u00e9diterran\u00e9e en 2020, est-il repr\u00e9sentatif de la diversit\u00e9 m\u00e9diterran\u00e9enne, les AMP sont-elles bien g\u00e9r\u00e9es ?<\/p>\n\n\n\n<p>Les principales conclusions de l&rsquo;\u00e9tat 2016 des Aires Marines Prot\u00e9g\u00e9es en M\u00e9diterran\u00e9e \u00e9taient que l&rsquo;objectif de 10 % de protection \u00e9tait loin d&rsquo;\u00eatre atteint, que le r\u00e9seau n&rsquo;\u00e9tait pas encore coh\u00e9rent et que la gestion des AMP \u00e9tait encore insuffisante. Ce rapport de 2020 s&rsquo;est appuy\u00e9 sur l&rsquo;inventaire 2019-2020 r\u00e9alis\u00e9 sur les AMP (MAPAMED) et sur un questionnaire d&rsquo;enqu\u00eate envoy\u00e9 aux gestionnaires non seulement pour \u00e9valuer les progr\u00e8s r\u00e9alis\u00e9s depuis 2016 mais aussi pour \u00e9valuer l&rsquo;atteinte des objectifs 2020 fix\u00e9s pour le r\u00e9seau des AMP par la Convention sur la diversit\u00e9 biologique et la Convention de Barcelone.<\/p>\n<\/div>\n\n\n\n<div class=\"wp-block-column is-layout-flow wp-block-column-is-layout-flow\">\n<h2 class=\"wp-block-heading has-tertiary-color has-text-color has-link-color has-large-font-size wp-elements-6a8692efb9327b4393ad717a3d1b99ce\">T\u00e9l\u00e9charger<\/h2>\n\n\n\n<div class=\"wp-block-file\"><a id=\"wp-block-file--media-9ddd4741-4954-4e8a-9775-4aff8796d6b2\" href=\"https:\/\/www.medmpaforum.org\/wp-content\/uploads\/2024\/03\/THE-STATUS-OF-MARINE-EN10.pdf\" target=\"_blank\" rel=\"noreferrer noopener\">Le statut des AMP m\u00e9diterran\u00e9ennes &#8211; \u00e9dition 2020 <\/a><a href=\"https:\/\/www.medmpaforum.org\/wp-content\/uploads\/2023\/08\/Programme_overview_Forum_2020_en.pdf\" class=\"wp-block-file__button wp-element-button\" download=\"\" aria-describedby=\"wp-block-file--media-9ddd4741-4954-4e8a-9775-4aff8796d6b2\"><i class=\"fas fa-angle-right\"><\/i><\/a><\/div>\n<\/div>\n<\/div>\n\n<h2 class=\"wp-block-heading has-secondary-color has-text-color has-large-font-size\">Photos et vid\u00e9os de l&rsquo;\u00e9dition 2021 du Forum<\/h2>\n\n<div class=\"wp-block-columns is-layout-flex wp-container-core-columns-is-layout-28f84493 wp-block-columns-is-layout-flex\">\n<div class=\"wp-block-column is-layout-flow wp-block-column-is-layout-flow\">\n<div class=\"wp-block-cover is-light\"><span aria-hidden=\"true\" class=\"wp-block-cover__background has-background-dim\"><\/span><img loading=\"lazy\" decoding=\"async\" width=\"790\" height=\"607\" class=\"wp-block-cover__image-background wp-image-117\" alt=\"\" src=\"https:\/\/www.medmpaforum.org\/wp-content\/uploads\/2023\/08\/MEDPAN_forum_single_img3.png\" data-object-fit=\"cover\" srcset=\"https:\/\/www.medmpaforum.org\/wp-content\/uploads\/2023\/08\/MEDPAN_forum_single_img3.png 790w, https:\/\/www.medmpaforum.org\/wp-content\/uploads\/2023\/08\/MEDPAN_forum_single_img3-300x231.png 300w, https:\/\/www.medmpaforum.org\/wp-content\/uploads\/2023\/08\/MEDPAN_forum_single_img3-768x590.png 768w\" sizes=\"auto, (max-width: 790px) 100vw, 790px\" \/><div class=\"wp-block-cover__inner-container is-layout-flow wp-block-cover-is-layout-flow\">\n<div class=\"wp-block-buttons is-content-justification-center is-layout-flex wp-container-core-buttons-is-layout-a89b3969 wp-block-buttons-is-layout-flex\">\n<div class=\"wp-block-button\"><a class=\"wp-block-button__link wp-element-button\" href=\"https:\/\/www.flickr.com\/photos\/194556732@N03\/albums\/72157720224240477\" target=\"_blank\" rel=\"noreferrer noopener\"><em>Le Forum des AMP de la M\u00e9diterran\u00e9e \u00e9dition 2020\/2021<\/em><\/a><\/div>\n\n\n\n<div class=\"wp-block-button\"><a class=\"wp-block-button__link wp-element-button\" href=\"https:\/\/www.flickr.com\/photos\/194556732@N03\/albums\/72157720224235102\" target=\"_blank\" rel=\"noreferrer noopener\"><em>Visite sur le terrain du Forum des AMP de la M\u00e9diterran\u00e9e<\/em><\/a><\/div>\n<\/div>\n<\/div><\/div>\n<\/div>\n\n\n\n<div class=\"wp-block-column is-layout-flow wp-block-column-is-layout-flow\">\n<div class=\"wp-block-cover\"><span aria-hidden=\"true\" class=\"wp-block-cover__background has-background-dim\"><\/span><img loading=\"lazy\" decoding=\"async\" width=\"791\" height=\"607\" class=\"wp-block-cover__image-background wp-image-121\" alt=\"\" src=\"https:\/\/www.medmpaforum.org\/wp-content\/uploads\/2023\/08\/MEDPAN_forum_single_img4.png\" data-object-fit=\"cover\" srcset=\"https:\/\/www.medmpaforum.org\/wp-content\/uploads\/2023\/08\/MEDPAN_forum_single_img4.png 791w, https:\/\/www.medmpaforum.org\/wp-content\/uploads\/2023\/08\/MEDPAN_forum_single_img4-300x230.png 300w, https:\/\/www.medmpaforum.org\/wp-content\/uploads\/2023\/08\/MEDPAN_forum_single_img4-768x589.png 768w\" sizes=\"auto, (max-width: 791px) 100vw, 791px\" \/><div class=\"wp-block-cover__inner-container is-layout-flow wp-block-cover-is-layout-flow\">\n<div class=\"wp-block-buttons is-content-justification-center is-layout-flex wp-container-core-buttons-is-layout-a89b3969 wp-block-buttons-is-layout-flex\">\n<div class=\"wp-block-button\"><a class=\"wp-block-button__link wp-element-button\" href=\"https:\/\/www.youtube.com\/watch?v=Op6trGmthhg\" target=\"_blank\" rel=\"noreferrer noopener\">Regarder les vid\u00e9os<\/a><\/div>\n<\/div>\n<\/div><\/div>\n<\/div>\n<\/div>\n\n<h3 class=\"wp-block-heading has-text-align-center has-secondary-color has-text-color has-large-font-size\" style=\"margin-top:var(--wp--preset--spacing--50);margin-bottom:var(--wp--preset--spacing--50)\">Voir les autres \u00e9ditions du Forum<\/h3>\n\n<div class=\"wp-block-buttons is-content-justification-center is-layout-flex wp-container-core-buttons-is-layout-5e545c37 wp-block-buttons-is-layout-flex\" style=\"margin-top:0;margin-bottom:var(--wp--preset--spacing--40)\">\n<div class=\"wp-block-button\"><a class=\"wp-block-button__link wp-element-button\" href=\"https:\/\/www.medmpaforum.org\/fr\/med-mpa-forum\/ledition-du-forum-2012\/\" style=\"padding-top:var(--wp--preset--spacing--30);padding-right:var(--wp--preset--spacing--30);padding-bottom:var(--wp--preset--spacing--30);padding-left:var(--wp--preset--spacing--30)\"><strong>2012<\/strong><br\/>\u00c9dition du Forum<\/a><\/div>\n\n\n\n<div class=\"wp-block-button hover-tertiary\"><a class=\"wp-block-button__link has-primary-background-color has-background wp-element-button\" href=\"https:\/\/www.medmpaforum.org\/fr\/med-mpa-forum\/ledition-2016\/\" style=\"padding-top:var(--wp--preset--spacing--30);padding-right:var(--wp--preset--spacing--30);padding-bottom:var(--wp--preset--spacing--30);padding-left:var(--wp--preset--spacing--30)\"><strong>2016<\/strong><br\/>\u00c9dition du Forum<\/a><\/div>\n<\/div>\n","protected":false},"excerpt":{"rendered":"<p>Le Forum de Monaco, qui s&rsquo;est d\u00e9roul\u00e9 en novembre 2021, a conclu le processus du Forum 2020-2021, qui a d\u00e9but\u00e9 fin 2020 par des consultations en ligne avec l&rsquo;ensemble de la communaut\u00e9 des AMP, r\u00e9unissant des gestionnaires, des d\u00e9cideurs politiques, des scientifiques, des acteurs \u00e9conomiques, des organisations r\u00e9gionales et internationales, des ONG et des bailleurs [&hellip;]<\/p>\n","protected":false},"author":1,"featured_media":0,"parent":778,"menu_order":0,"comment_status":"closed","ping_status":"closed","template":"forum-page","meta":{"_eb_attr":"","footnotes":""},"class_list":["post-785","page","type-page","status-publish","hentry"],"_links":{"self":[{"href":"https:\/\/www.medmpaforum.org\/fr\/wp-json\/wp\/v2\/pages\/785","targetHints":{"allow":["GET"]}}],"collection":[{"href":"https:\/\/www.medmpaforum.org\/fr\/wp-json\/wp\/v2\/pages"}],"about":[{"href":"https:\/\/www.medmpaforum.org\/fr\/wp-json\/wp\/v2\/types\/page"}],"author":[{"embeddable":true,"href":"https:\/\/www.medmpaforum.org\/fr\/wp-json\/wp\/v2\/users\/1"}],"replies":[{"embeddable":true,"href":"https:\/\/www.medmpaforum.org\/fr\/wp-json\/wp\/v2\/comments?post=785"}],"version-history":[{"count":10,"href":"https:\/\/www.medmpaforum.org\/fr\/wp-json\/wp\/v2\/pages\/785\/revisions"}],"predecessor-version":[{"id":1965,"href":"https:\/\/www.medmpaforum.org\/fr\/wp-json\/wp\/v2\/pages\/785\/revisions\/1965"}],"up":[{"embeddable":true,"href":"https:\/\/www.medmpaforum.org\/fr\/wp-json\/wp\/v2\/pages\/778"}],"wp:attachment":[{"href":"https:\/\/www.medmpaforum.org\/fr\/wp-json\/wp\/v2\/media?parent=785"}],"curies":[{"name":"wp","href":"https:\/\/api.w.org\/{rel}","templated":true}]}}