{"id":820,"date":"2023-08-28T08:24:11","date_gmt":"2023-08-28T08:24:11","guid":{"rendered":"https:\/\/www.medmpaforum.org\/la-feuille-de-route-pour-lapres-2020\/policy-and-governance\/"},"modified":"2024-06-21T11:10:01","modified_gmt":"2024-06-21T11:10:01","slug":"policy-and-governance","status":"publish","type":"page","link":"https:\/\/www.medmpaforum.org\/fr\/la-feuille-de-route-pour-lapres-2020\/policy-and-governance\/","title":{"rendered":"Politique et gouvernance"},"content":{"rendered":"\n<div class=\"wp-block-group alignfull has-tertiary-background-color has-background has-global-padding is-layout-constrained wp-container-core-group-is-layout-fda5f77b wp-block-group-is-layout-constrained\" style=\"padding-top:var(--wp--preset--spacing--30);padding-bottom:var(--wp--preset--spacing--30)\">\n<p class=\"has-text-align-center has-base-color has-text-color\" id=\"strategic-objective-1\">OBJECTIF STRAT\u00c9GIQUE 1<\/p>\n\n\n<h1 style=\"font-style:normal;font-weight:700; padding-top:0;padding-bottom:var(--wp--preset--spacing--30);\" class=\"has-text-align-center wp-block-post-title has-text-color has-base-color has-large-font-size\">Politique et gouvernance<\/h1><\/div>\n\n<div class=\"wp-block-columns has-tertiary-background-color has-background is-layout-flex wp-container-core-columns-is-layout-ce7b1916 wp-block-columns-is-layout-flex\" style=\"margin-top:var(--wp--preset--spacing--50);margin-bottom:var(--wp--preset--spacing--50);padding-top:var(--wp--preset--spacing--30);padding-right:var(--wp--preset--spacing--30);padding-bottom:var(--wp--preset--spacing--30);padding-left:var(--wp--preset--spacing--30)\">\n<div class=\"wp-block-column is-layout-flow wp-block-column-is-layout-flow\" style=\"padding-top:var(--wp--preset--spacing--30);padding-right:var(--wp--preset--spacing--30);padding-bottom:var(--wp--preset--spacing--30);padding-left:var(--wp--preset--spacing--30);flex-basis:100%\">\n<p class=\"has-base-color has-text-color\" style=\"font-size:clamp(0.984rem, 0.984rem + ((1vw - 0.2rem) * 0.938), 1.5rem);\">Poursuivre, avec un souci de plus grande \u00e9quit\u00e9, le d\u00e9veloppement des instances responsables des politiques relatives aux AMP et des instances de gouver- nance des AMP en M\u00e9diter- ran\u00e9e de mani\u00e8re qu\u2019elles tiennent compte des autorit\u00e9s locales, s\u2019int\u00e8grent aux autres secteurs et soient en rapport avec le contexte local des AMP.<\/p>\n\n\n<\/div>\n\n\n\n<div class=\"wp-block-column is-vertically-aligned-center is-layout-flow wp-block-column-is-layout-flow\" style=\"flex-basis:100%\">\n<figure class=\"wp-block-image aligncenter size-full is-resized\"><img loading=\"lazy\" decoding=\"async\" width=\"719\" height=\"665\" src=\"https:\/\/www.medmpaforum.org\/wp-content\/uploads\/2023\/08\/MEDPAN_strategic_objectives_img.png\" alt=\"\" class=\"wp-image-378\" style=\"width:390px\" srcset=\"https:\/\/www.medmpaforum.org\/wp-content\/uploads\/2023\/08\/MEDPAN_strategic_objectives_img.png 719w, https:\/\/www.medmpaforum.org\/wp-content\/uploads\/2023\/08\/MEDPAN_strategic_objectives_img-300x277.png 300w\" sizes=\"auto, (max-width: 719px) 100vw, 719px\" \/><\/figure>\n<\/div>\n<\/div>\n<div class=\"wp-block-table-of-contents-block-table-of-contents-block\"><div class=\"eb-parent-wrapper eb-parent-eb-toc-j426i8v \"><div class=\"eb-toc-container eb-toc-j426i8v  eb-toc-is-not-sticky eb-toc-not-collapsible eb-toc-initially-not-collapsed eb-toc-scrollToTop style-1 list-style-none\" data-scroll-top=\"false\" data-scroll-top-icon=\"fas fa-angle-up\" data-collapsible=\"false\" data-sticky-hide-mobile=\"false\" data-sticky=\"false\" data-scroll-target=\"scroll_to_toc\" data-copy-link=\"false\" data-editor-type=\"\" data-hide-desktop=\"false\" data-hide-tab=\"false\" data-hide-mobile=\"false\" data-itemCollapsed=\"false\"><div class=\"eb-toc-header\"><div class=\"eb-toc-title\">Go to<\/div><\/div><div class=\"eb-toc-wrapper \" data-headers=\"[{&quot;level&quot;:3,&quot;content&quot;:&quot;Recommendation 1.1 NATIONAL STRATEGIES&quot;,&quot;text&quot;:&quot;Recommendation 1.1 NATIONAL STRATEGIES&quot;,&quot;link&quot;:&quot;recommendation-11-national-strategies&quot;},{&quot;level&quot;:3,&quot;content&quot;:&quot;Recommendation 1.2 LEGAL REFORM&quot;,&quot;text&quot;:&quot;Recommendation 1.2 LEGAL REFORM&quot;,&quot;link&quot;:&quot;recommendation-12-legal-reform&quot;},{&quot;level&quot;:3,&quot;content&quot;:&quot;Recommendation 1.3 MULTISECTORAL BODIES&quot;,&quot;text&quot;:&quot;Recommendation 1.3 MULTISECTORAL BODIES&quot;,&quot;link&quot;:&quot;recommendation-13-multisectoral-bodies&quot;},{&quot;level&quot;:3,&quot;content&quot;:&quot;Recommendation 1.4 SPATIAL PLANNING&quot;,&quot;text&quot;:&quot;Recommendation 1.4 SPATIAL PLANNING&quot;,&quot;link&quot;:&quot;recommendation-14-spatial-planning&quot;},{&quot;level&quot;:3,&quot;content&quot;:&quot;Recommendation 1.5 DECENTRALISE GOVERNANCE&quot;,&quot;text&quot;:&quot;Recommendation 1.5 DECENTRALISE GOVERNANCE&quot;,&quot;link&quot;:&quot;recommendation-15-decentralise-governance&quot;},{&quot;level&quot;:3,&quot;content&quot;:&quot;Recommendation 1.6 SPECIFIC GOVERNMENT STRUCTURES&quot;,&quot;text&quot;:&quot;Recommendation 1.6 SPECIFIC GOVERNMENT STRUCTURES&quot;,&quot;link&quot;:&quot;recommendation-16-specific-government-structures&quot;}]\" data-visible=\"[false,false,true,false,false,false]\" data-delete-headers=\"[]\" data-smooth=\"true\" data-top-offset=\"\"><div class=\"eb-toc__list-wrap\"><ul class='eb-toc__list'><li><a href=\"#recommendation-11-national-strategies\">Recommendation 1.1 NATIONAL STRATEGIES<\/a><li><a href=\"#recommendation-12-legal-reform\">Recommendation 1.2 LEGAL REFORM<\/a><li><a href=\"#recommendation-13-multisectoral-bodies\">Recommendation 1.3 MULTISECTORAL BODIES<\/a><li><a href=\"#recommendation-14-spatial-planning\">Recommendation 1.4 SPATIAL PLANNING<\/a><li><a href=\"#recommendation-15-decentralise-governance\">Recommendation 1.5 DECENTRALISE GOVERNANCE<\/a><li><a href=\"#recommendation-16-specific-government-structures\">Recommendation 1.6 SPECIFIC GOVERNMENT STRUCTURES<\/a><\/ul><\/div><\/div><\/div><\/div><\/div>\n<h3 class=\"wp-block-heading has-text-align-center has-tertiary-color has-text-color has-large-font-size\" id=\"recommendation-11-national-strategies\">Recommendation 1.1 NATIONAL STRATEGIES<\/h3>\n\n<p class=\"has-text-align-center\">Obtenir, de chaque pays m\u00e9diterran\u00e9en, l\u2019engagement d\u2019\u00e9laborer, de mettre en \u0153uvre et de mettre \u00e0 jour une strat\u00e9gie nationale et un plan d\u2019action national op\u00e9rationnel qui visent \u00e0 atteindre les objectifs internationaux et r\u00e9gionaux relatifs aux AMP.<\/p>\n\n<div class=\"wp-block-gutena-accordion gutena-accordion-block gutena-accordion-block-5c2490-19 is-layout-flow wp-block-accordion-is-layout-flow\" data-single=\"false\">\n<div class=\"wp-block-gutena-accordion-panel gutena-accordion-block__panel\">\n<div class=\"wp-block-gutena-accordion-panel-title gutena-accordion-block__panel-title\"><div class=\"gutena-accordion-block__panel-title-inner\">\n<h6 class=\"wp-block-heading has-text-align-left\" id=\"-strategies-and-actions-for-implementation-\" style=\"margin-top:0px;margin-right:0px;margin-bottom:0px;margin-left:0px\"><strong>Strat\u00e9gies et mesures de mise en \u0153uvre<\/strong><\/h6>\n<div class=\"trigger-plus-minus\"><div class=\"horizontal\"><\/div><div class=\"vertical\"><\/div><\/div><\/div><\/div>\n\n\n\n<div class=\"wp-block-gutena-accordion-panel-content gutena-accordion-block__panel-content\"><div class=\"gutena-accordion-block__panel-content-inner\">\n<ul class=\"wp-block-list\">\n<li>Faire d\u2019un pareil engagement une obligation qui d\u00e9coule des politiques de l\u2019UE.<\/li>\n\n\n\n<li>Renforcer les capacit\u00e9s institutionnelles nationales en mati\u00e8re de planification strat\u00e9gique et de suivi.<\/li>\n\n\n\n<li>Chaque gouvernement national devrait arr\u00eater un calendrier pr\u00e9cis et d\u00e9taill\u00e9 d\u2019ex\u00e9cution des d\u00e9cisions et mesures internationales et r\u00e9gionales qu\u2019il ratifie ou fait siennes.<\/li>\n<\/ul>\n<\/div><\/div>\n<\/div>\n\n\n\n<div class=\"wp-block-gutena-accordion-panel gutena-accordion-block__panel\">\n<div class=\"wp-block-gutena-accordion-panel-title gutena-accordion-block__panel-title\"><div class=\"gutena-accordion-block__panel-title-inner\">\n<h6 class=\"wp-block-heading has-text-align-left\" id=\"-relevant-geographic-level-\" style=\"margin-top:0px;margin-right:0px;margin-bottom:0px;margin-left:0px\"><strong>Niveau g\u00e9ographique correspondant<\/strong><\/h6>\n<div class=\"trigger-plus-minus\"><div class=\"horizontal\"><\/div><div class=\"vertical\"><\/div><\/div><\/div><\/div>\n\n\n\n<div class=\"wp-block-gutena-accordion-panel-content gutena-accordion-block__panel-content\"><div class=\"gutena-accordion-block__panel-content-inner\">\n<ul class=\"wp-block-list\">\n<li>National<\/li>\n<\/ul>\n<\/div><\/div>\n<\/div>\n\n\n\n<div class=\"wp-block-gutena-accordion-panel gutena-accordion-block__panel\">\n<div class=\"wp-block-gutena-accordion-panel-title gutena-accordion-block__panel-title\"><div class=\"gutena-accordion-block__panel-title-inner\">\n<h6 class=\"wp-block-heading has-text-align-left\" id=\"-priority-geographies-for-implementation-\" style=\"margin-top:0px;margin-right:0px;margin-bottom:0px;margin-left:0px\"><strong>Zones g\u00e9ographiques prioritaires de mise en \u0153uvre<\/strong><\/h6>\n<div class=\"trigger-plus-minus\"><div class=\"horizontal\"><\/div><div class=\"vertical\"><\/div><\/div><\/div><\/div>\n\n\n\n<div class=\"wp-block-gutena-accordion-panel-content gutena-accordion-block__panel-content\"><div class=\"gutena-accordion-block__panel-content-inner\">\n<p id=\"while-every-country-in-the-mediterranean-should-develop-a-national-policy-to-achieve-international-and-regional-mpa-targets-priority-action-should-be-taken-with-countries-in-the-east-and-south-mediterranean-as-these-are-the-areas-with-the-greatest-gaps\" style=\"margin-top:0;margin-bottom:0\">Chaque pays m\u00e9diterran\u00e9en devrait \u00e9laborer sa propre strat\u00e9gie nationale visant \u00e0 atteindre les objectifs internationaux et r\u00e9gionaux relatifs aux AMP, mais il faudrait agir en priorit\u00e9 dans les pays de la M\u00e9diterran\u00e9e orientale et m\u00e9ridionale, car ces deux r\u00e9gions enregistrent les retards les plus marqu\u00e9s.<\/p>\n<\/div><\/div>\n<\/div>\n\n\n\n<div class=\"wp-block-gutena-accordion-panel gutena-accordion-block__panel\">\n<div class=\"wp-block-gutena-accordion-panel-title gutena-accordion-block__panel-title\"><div class=\"gutena-accordion-block__panel-title-inner\">\n<h6 class=\"wp-block-heading has-text-align-left\" id=\"-responsible-parties-\" style=\"margin-top:0px;margin-right:0px;margin-bottom:0px;margin-left:0px\"><strong>Parties charg\u00e9es de la mise en \u0153uvre<\/strong><\/h6>\n<div class=\"trigger-plus-minus\"><div class=\"horizontal\"><\/div><div class=\"vertical\"><\/div><\/div><\/div><\/div>\n\n\n\n<div class=\"wp-block-gutena-accordion-panel-content gutena-accordion-block__panel-content\"><div class=\"gutena-accordion-block__panel-content-inner\">\n<ul class=\"wp-block-list\">\n<li>PNUE\/PAM-Convention de Barcelone<\/li>\n\n\n\n<li>Union Europ\u00e9enne<\/li>\n\n\n\n<li>Gouvernements<\/li>\n\n\n\n<li>Autorit\u00e9s locales<\/li>\n\n\n\n<li>OIG et ONG <\/li>\n\n\n\n<li>Communaut\u00e9s de sp\u00e9cialistes et de parties prenantes locales travaillant en \u00e9troite collaboration avec les autorit\u00e9s nationales<\/li>\n\n\n\n<li>Bailleurs de fonds<\/li>\n<\/ul>\n<\/div><\/div>\n<\/div>\n\n\n\n<div class=\"wp-block-gutena-accordion-panel gutena-accordion-block__panel\">\n<div class=\"wp-block-gutena-accordion-panel-title gutena-accordion-block__panel-title\"><div class=\"gutena-accordion-block__panel-title-inner\">\n<h6 class=\"wp-block-heading has-text-align-left\" id=\"-indicators-of-success-\" style=\"margin-top:0px;margin-right:0px;margin-bottom:0px;margin-left:0px\"><strong>Indicateurs de r\u00e9ussite<\/strong><\/h6>\n<div class=\"trigger-plus-minus\"><div class=\"horizontal\"><\/div><div class=\"vertical\"><\/div><\/div><\/div><\/div>\n\n\n\n<div class=\"wp-block-gutena-accordion-panel-content gutena-accordion-block__panel-content\"><div class=\"gutena-accordion-block__panel-content-inner\">\n<ul class=\"wp-block-list\">\n<li>Nombre de pays ayant adopt\u00e9 une strat\u00e9gie nationale align\u00e9e sur les objectifs internationaux et r\u00e9gionaux relatifs aux AMP.<\/li>\n<\/ul>\n<\/div><\/div>\n<\/div>\n<\/div>\n\n<h3 class=\"wp-block-heading has-text-align-center has-tertiary-color has-text-color has-large-font-size\" id=\"recommendation-12-legal-reform\">Recommendation 1.2 LEGAL REFORM<\/h3>\n\n<p class=\"has-text-align-center\">Veiller \u00e0 l\u2019adoption de r\u00e9formes juridiques et institutionnelles qui engagent les gouvernements \u00e0 prendre instamment, \u00e0 titre de priorit\u00e9 politique, des mesures visant \u00e0 assurer, par tous les moyens utiles \u00e0 cet effet, AMP y comprises, la conservation et l\u2019utilisation durable de la biodiversit\u00e9 en faveur de la r\u00e9silience \u00e9cologique et au profit des communaut\u00e9s c\u00f4ti\u00e8res.<\/p>\n\n<div class=\"wp-block-gutena-accordion gutena-accordion-block gutena-accordion-block-f204cf-52 is-layout-flow wp-block-accordion-is-layout-flow\" data-single=\"false\">\n<div class=\"wp-block-gutena-accordion-panel gutena-accordion-block__panel\">\n<div class=\"wp-block-gutena-accordion-panel-title gutena-accordion-block__panel-title\"><div class=\"gutena-accordion-block__panel-title-inner\">\n<h6 class=\"wp-block-heading has-text-align-left\" id=\"-strategies-and-actions-for-implementation-\" style=\"margin-top:0px;margin-right:0px;margin-bottom:0px;margin-left:0px\"><strong>Strat\u00e9gies et mesures de mise en \u0153uvre<\/strong><\/h6>\n<div class=\"trigger-plus-minus\"><div class=\"horizontal\"><\/div><div class=\"vertical\"><\/div><\/div><\/div><\/div>\n\n\n\n<div class=\"wp-block-gutena-accordion-panel-content gutena-accordion-block__panel-content\"><div class=\"gutena-accordion-block__panel-content-inner\">\n<ul class=\"wp-block-list\">\n<li>Organiser, au niveau national, des r\u00e9unions de haut niveau destin\u00e9es \u00e0 mettre en exergue la n\u00e9cessit\u00e9 de r\u00e9formes juridiques et institutionnelles.<\/li>\n\n\n\n<li>Mobiliser, aupr\u00e8s des instruments de financement pertinents, par exemple le Fonds pour l\u2019environnement mondial (FFEM), les ressources n\u00e9cessaires \u00e0 l\u2019\u00e9tude des r\u00e9formes juridiques et institutionnelles possibles.<\/li>\n\n\n\n<li>Organiser, avec les pouvoirs publics et les parties prenantes concern\u00e9es, des ateliers destin\u00e9s \u00e0 d\u00e9terminer les r\u00e9formes n\u00e9cessaires.<\/li>\n\n\n\n<li>Recenser les secteurs d\u2019activit\u00e9 dont les plans de d\u00e9veloppement devraient int\u00e9grer les questions de planification et de gestion durable des AMP.<\/li>\n\n\n\n<li>Les r\u00e9formes juridiques devraient favoriser la participation des populations locales \u00e0 la gestion des AMP.<\/li>\n<\/ul>\n<\/div><\/div>\n<\/div>\n\n\n\n<div class=\"wp-block-gutena-accordion-panel gutena-accordion-block__panel\">\n<div class=\"wp-block-gutena-accordion-panel-title gutena-accordion-block__panel-title\"><div class=\"gutena-accordion-block__panel-title-inner\">\n<h6 class=\"wp-block-heading has-text-align-left\" id=\"-relevant-geographic-level-\" style=\"margin-top:0px;margin-right:0px;margin-bottom:0px;margin-left:0px\"><strong>Niveau g\u00e9ographique correspondant<\/strong><\/h6>\n<div class=\"trigger-plus-minus\"><div class=\"horizontal\"><\/div><div class=\"vertical\"><\/div><\/div><\/div><\/div>\n\n\n\n<div class=\"wp-block-gutena-accordion-panel-content gutena-accordion-block__panel-content\"><div class=\"gutena-accordion-block__panel-content-inner\">\n<ul class=\"wp-block-list\">\n<li>R\u00e9gional<\/li>\n\n\n\n<li>National<\/li>\n\n\n\n<li>Local<\/li>\n<\/ul>\n<\/div><\/div>\n<\/div>\n\n\n\n<div class=\"wp-block-gutena-accordion-panel gutena-accordion-block__panel\">\n<div class=\"wp-block-gutena-accordion-panel-title gutena-accordion-block__panel-title\"><div class=\"gutena-accordion-block__panel-title-inner\">\n<h6 class=\"wp-block-heading has-text-align-left\" id=\"-priority-geographies-for-implementation-\" style=\"margin-top:0px;margin-right:0px;margin-bottom:0px;margin-left:0px\"><strong>Zones g\u00e9ographiques prioritaires de mise en \u0153uvre<\/strong><\/h6>\n<div class=\"trigger-plus-minus\"><div class=\"horizontal\"><\/div><div class=\"vertical\"><\/div><\/div><\/div><\/div>\n\n\n\n<div class=\"wp-block-gutena-accordion-panel-content gutena-accordion-block__panel-content\"><div class=\"gutena-accordion-block__panel-content-inner\">\n<p id=\"all-mediterranean-countries\" style=\"margin-top:0;margin-bottom:0\">Ensemble des pays m\u00e9diterran\u00e9ens<\/p>\n<\/div><\/div>\n<\/div>\n\n\n\n<div class=\"wp-block-gutena-accordion-panel gutena-accordion-block__panel\">\n<div class=\"wp-block-gutena-accordion-panel-title gutena-accordion-block__panel-title\"><div class=\"gutena-accordion-block__panel-title-inner\">\n<h6 class=\"wp-block-heading has-text-align-left\" id=\"-responsible-parties-\" style=\"margin-top:0px;margin-right:0px;margin-bottom:0px;margin-left:0px\"><strong>Parties charg\u00e9es de la mise en \u0153uvre<\/strong><\/h6>\n<div class=\"trigger-plus-minus\"><div class=\"horizontal\"><\/div><div class=\"vertical\"><\/div><\/div><\/div><\/div>\n\n\n\n<div class=\"wp-block-gutena-accordion-panel-content gutena-accordion-block__panel-content\"><div class=\"gutena-accordion-block__panel-content-inner\">\n<ul class=\"wp-block-list\">\n<li>Gouvernements nationaux<\/li>\n\n\n\n<li>Gouvernements infranationaux<\/li>\n\n\n\n<li>PNUE\/PAM-Convention de Barcelone<\/li>\n\n\n\n<li>Consortium m\u00e9diterran\u00e9en pour la biodiversit\u00e9 <\/li>\n<\/ul>\n<\/div><\/div>\n<\/div>\n\n\n\n<div class=\"wp-block-gutena-accordion-panel gutena-accordion-block__panel\">\n<div class=\"wp-block-gutena-accordion-panel-title gutena-accordion-block__panel-title\"><div class=\"gutena-accordion-block__panel-title-inner\">\n<h6 class=\"wp-block-heading has-text-align-left\" id=\"-indicators-of-success-\" style=\"margin-top:0px;margin-right:0px;margin-bottom:0px;margin-left:0px\"><strong>Indicateurs de r\u00e9ussite<\/strong><\/h6>\n<div class=\"trigger-plus-minus\"><div class=\"horizontal\"><\/div><div class=\"vertical\"><\/div><\/div><\/div><\/div>\n\n\n\n<div class=\"wp-block-gutena-accordion-panel-content gutena-accordion-block__panel-content\"><div class=\"gutena-accordion-block__panel-content-inner\">\n<ul class=\"wp-block-list\">\n<li>Nombre de r\u00e9formes juridiques \u00e9labor\u00e9es et appliqu\u00e9es.<\/li>\n\n\n\n<li>Nombre d\u2019\u00e9valuations de la l\u00e9gislation et des institutions effectu\u00e9es.<\/li>\n\n\n\n<li>Nombre de plans sectoriels de d\u00e9veloppement durable int\u00e9grant la planification et la gestion des AMP.<\/li>\n\n\n\n<li>Mesures pr\u00e9vues aux plans sectoriels de d\u00e9veloppement durable en faveur d\u2019une cogestion avec ou par les populations locales.<\/li>\n<\/ul>\n<\/div><\/div>\n<\/div>\n<\/div>\n\n<h3 class=\"wp-block-heading has-text-align-center has-tertiary-color has-text-color has-large-font-size\" id=\"recommendation-13-multisectoral-bodies\">Recommendation 1.3 MULTISECTORAL BODIES<\/h3>\n\n<p class=\"has-text-align-center\">Rapprocher les actions locales de terrain et les processus d\u2019\u00e9laboration des politiques de haut niveau au moyen d\u2019efforts de collaboration continue entre d\u2019une part, les organes gouvernementaux multisectoriels et les parties prenantes non gouvernementales, et d\u2019autre part, les r\u00e9seaux humains op\u00e9rationnels de gestionnaires d\u2019AMP. Les autorit\u00e9s locales devraient jouer, \u00e0 cet effet, un r\u00f4le de premier plan dans la mise en \u0153uvre des mesures et dans la mobilisation de la soci\u00e9t\u00e9 civile.<\/p>\n\n<div class=\"wp-block-gutena-accordion gutena-accordion-block gutena-accordion-block-608e9b-45 is-layout-flow wp-block-accordion-is-layout-flow\" data-single=\"false\">\n<div class=\"wp-block-gutena-accordion-panel gutena-accordion-block__panel\">\n<div class=\"wp-block-gutena-accordion-panel-title gutena-accordion-block__panel-title\"><div class=\"gutena-accordion-block__panel-title-inner\">\n<h6 class=\"wp-block-heading has-text-align-left\" id=\"-strategies-and-actions-for-implementation-\" style=\"margin-top:0px;margin-right:0px;margin-bottom:0px;margin-left:0px\"><strong>Strat\u00e9gies et mesures de mise en \u0153uvre<\/strong><\/h6>\n<div class=\"trigger-plus-minus\"><div class=\"horizontal\"><\/div><div class=\"vertical\"><\/div><\/div><\/div><\/div>\n\n\n\n<div class=\"wp-block-gutena-accordion-panel-content gutena-accordion-block__panel-content\"><div class=\"gutena-accordion-block__panel-content-inner\">\n<ul class=\"wp-block-list\">\n<li>Fonder, pour les AMP, des comit\u00e9s de pilotage nationaux de haut niveau qui soient plac\u00e9s sous la pr\u00e9sidence des autorit\u00e9s nationales responsables des AMP et fassent participer l\u2019ensemble des minist\u00e8res comp\u00e9tents, des ONG, des r\u00e9seaux de gestionnaires d\u2019AMP, des OIG pour l\u2019environnement et autres parties prenantes concern\u00e9s.<\/li>\n\n\n\n<li>Organiser des ateliers sur des questions ayant trait aux AMP qui fassent participer les organes gouvernementaux multisectoriels et toutes les parties prenantes concern\u00e9es.<\/li>\n\n\n\n<li>Faire participer activement les autorit\u00e9s locales aux instances d\u2019administration de mani\u00e8re \u00e0 optimiser l\u2019efficacit\u00e9 de la mise en \u0153uvre des programmes internationaux, r\u00e9gionaux et nationaux pour les AMP.<\/li>\n\n\n\n<li>Organiser, \u00e0 l\u2019intention des organes gouvernementaux multisectoriels, la visite des AMP de statut national pour leur en faire mieux conna\u00eetre les enjeux et susciter davantage leur adh\u00e9sion.<\/li>\n\n\n\n<li>Appuyer la cr\u00e9ation et l\u2019exploitation \u00e0 long terme de r\u00e9seaux nationaux de gestionnaires d\u2019AMP et en accompagner l\u2019affiliation \u00e0 des r\u00e9seaux r\u00e9gionaux et infrar\u00e9gionaux.<\/li>\n<\/ul>\n<\/div><\/div>\n<\/div>\n\n\n\n<div class=\"wp-block-gutena-accordion-panel gutena-accordion-block__panel\">\n<div class=\"wp-block-gutena-accordion-panel-title gutena-accordion-block__panel-title\"><div class=\"gutena-accordion-block__panel-title-inner\">\n<h6 class=\"wp-block-heading has-text-align-left\" id=\"-relevant-geographic-level-\" style=\"margin-top:0px;margin-right:0px;margin-bottom:0px;margin-left:0px\"><strong>Niveau g\u00e9ographique correspondant<\/strong><\/h6>\n<div class=\"trigger-plus-minus\"><div class=\"horizontal\"><\/div><div class=\"vertical\"><\/div><\/div><\/div><\/div>\n\n\n\n<div class=\"wp-block-gutena-accordion-panel-content gutena-accordion-block__panel-content\"><div class=\"gutena-accordion-block__panel-content-inner\">\n<ul class=\"wp-block-list\">\n<li>R\u00e9gional<\/li>\n\n\n\n<li>Infrar\u00e9gional<\/li>\n\n\n\n<li>National<\/li>\n\n\n\n<li>Local<\/li>\n<\/ul>\n<\/div><\/div>\n<\/div>\n\n\n\n<div class=\"wp-block-gutena-accordion-panel gutena-accordion-block__panel\">\n<div class=\"wp-block-gutena-accordion-panel-title gutena-accordion-block__panel-title\"><div class=\"gutena-accordion-block__panel-title-inner\">\n<h6 class=\"wp-block-heading has-text-align-left\" id=\"-priority-geographies-for-implementation-\" style=\"margin-top:0px;margin-right:0px;margin-bottom:0px;margin-left:0px\"><strong>Zones g\u00e9ographiques prioritaires de mise en \u0153uvre<\/strong><\/h6>\n<div class=\"trigger-plus-minus\"><div class=\"horizontal\"><\/div><div class=\"vertical\"><\/div><\/div><\/div><\/div>\n\n\n\n<div class=\"wp-block-gutena-accordion-panel-content gutena-accordion-block__panel-content\"><div class=\"gutena-accordion-block__panel-content-inner\">\n<p id=\"all-mediterranean-countries\" style=\"margin-top:0;margin-bottom:0\">Ensemble des pays m\u00e9diterran\u00e9ens<\/p>\n<\/div><\/div>\n<\/div>\n\n\n\n<div class=\"wp-block-gutena-accordion-panel gutena-accordion-block__panel\">\n<div class=\"wp-block-gutena-accordion-panel-title gutena-accordion-block__panel-title\"><div class=\"gutena-accordion-block__panel-title-inner\">\n<h6 class=\"wp-block-heading has-text-align-left\" id=\"-responsible-parties-\" style=\"margin-top:0px;margin-right:0px;margin-bottom:0px;margin-left:0px\"><strong>Parties charg\u00e9es de la mise en \u0153uvre<\/strong><\/h6>\n<div class=\"trigger-plus-minus\"><div class=\"horizontal\"><\/div><div class=\"vertical\"><\/div><\/div><\/div><\/div>\n\n\n\n<div class=\"wp-block-gutena-accordion-panel-content gutena-accordion-block__panel-content\"><div class=\"gutena-accordion-block__panel-content-inner\">\n<ul class=\"wp-block-list\">\n<li>Autorit\u00e9s responsables des AMP<\/li>\n\n\n\n<li>R\u00e9seaux de gestionnaires d\u2019AMP nationaux, r\u00e9gionaux et infrar\u00e9gionaux<\/li>\n\n\n\n<li>MedCit\u00e9s<\/li>\n<\/ul>\n<\/div><\/div>\n<\/div>\n\n\n\n<div class=\"wp-block-gutena-accordion-panel gutena-accordion-block__panel\">\n<div class=\"wp-block-gutena-accordion-panel-title gutena-accordion-block__panel-title\"><div class=\"gutena-accordion-block__panel-title-inner\">\n<h6 class=\"wp-block-heading has-text-align-left\" id=\"-indicators-of-success-\" style=\"margin-top:0px;margin-right:0px;margin-bottom:0px;margin-left:0px\"><strong>Indicateurs de r\u00e9ussite<\/strong><\/h6>\n<div class=\"trigger-plus-minus\"><div class=\"horizontal\"><\/div><div class=\"vertical\"><\/div><\/div><\/div><\/div>\n\n\n\n<div class=\"wp-block-gutena-accordion-panel-content gutena-accordion-block__panel-content\"><div class=\"gutena-accordion-block__panel-content-inner\">\n<ul class=\"wp-block-list\">\n<li>Nombre de r\u00e9unions nationales de haut niveau faisant participer toutes les parties prenantes concern\u00e9es.<\/li>\n\n\n\n<li>Nombre d\u2019ateliers, de r\u00e9unions et de visites de terrain<\/li>\n\n\n\n<li>Nombre de r\u00e9seaux nationaux et infrar\u00e9gionaux de gestionnaires d\u2019AMP cr\u00e9\u00e9s et op\u00e9rationnels<\/li>\n<\/ul>\n<\/div><\/div>\n<\/div>\n<\/div>\n\n<h3 class=\"wp-block-heading has-text-align-center has-tertiary-color has-text-color has-large-font-size\" id=\"recommendation-14-spatial-planning\">Recommendation 1.4 SPATIAL PLANNING<\/h3>\n\n<p class=\"has-text-align-center\">Veiller \u00e0 la prise en consid\u00e9ration des besoins des AMP et \u00e0 leur int\u00e9gration dans la planification spatiale marine et c\u00f4ti\u00e8re, afin de mieux concilier conservation et d\u00e9veloppement.<\/p>\n\n<div class=\"wp-block-gutena-accordion gutena-accordion-block gutena-accordion-block-b1ba73-2f is-layout-flow wp-block-accordion-is-layout-flow\" data-single=\"false\">\n<div class=\"wp-block-gutena-accordion-panel gutena-accordion-block__panel\">\n<div class=\"wp-block-gutena-accordion-panel-title gutena-accordion-block__panel-title\"><div class=\"gutena-accordion-block__panel-title-inner\">\n<h6 class=\"wp-block-heading has-text-align-left\" id=\"-strategies-and-actions-for-implementation-\" style=\"margin-top:0px;margin-right:0px;margin-bottom:0px;margin-left:0px\"><strong>Strat\u00e9gies et mesures de mise en \u0153uvre<\/strong><\/h6>\n<div class=\"trigger-plus-minus\"><div class=\"horizontal\"><\/div><div class=\"vertical\"><\/div><\/div><\/div><\/div>\n\n\n\n<div class=\"wp-block-gutena-accordion-panel-content gutena-accordion-block__panel-content\"><div class=\"gutena-accordion-block__panel-content-inner\">\n<ul class=\"wp-block-list\">\n<li>Organiser des ateliers de renforcement des capacit\u00e9s et des cours de formation sur les AMP et la planification spatiale marine.<\/li>\n\n\n\n<li>Modifier les strat\u00e9gies nationales relatives aux AMP de mani\u00e8re \u00e0 y faire obligation \u00e0 toutes les parties prenantes des AMP, notamment les secteurs \u00e9conomiques, le secteur priv\u00e9 et les gestionnaires d\u2019AMP, de prendre une part pleine et enti\u00e8re \u00e0 la planification spatiale marine. <\/li>\n\n\n\n<li>Modifier la directive 2014\/89\/UE (planification de l\u2019espace maritime) de mani\u00e8re \u00e0 y introduire des dispositions qui pr\u00e9voient l\u2019int\u00e9gration des besoins des AMP et des objectifs de conservation des AMP dans la planification spatiale marine.<\/li>\n\n\n\n<li>Introduire dans la Convention de Barcelone des dispositions qui pr\u00e9voient l\u2019int\u00e9gration des besoins des AMP dans la planification spatiale marine.<\/li>\n\n\n\n<li>Veiller \u00e0 la participation des parties prenantes locales et du secteur priv\u00e9 \u00e0 l\u2019ensemble des processus de planification spatiale marine et de gestion int\u00e9gr\u00e9e des zones c\u00f4ti\u00e8res.<\/li>\n<\/ul>\n<\/div><\/div>\n<\/div>\n\n\n\n<div class=\"wp-block-gutena-accordion-panel gutena-accordion-block__panel\">\n<div class=\"wp-block-gutena-accordion-panel-title gutena-accordion-block__panel-title\"><div class=\"gutena-accordion-block__panel-title-inner\">\n<h6 class=\"wp-block-heading has-text-align-left\" id=\"-relevant-geographic-level-\" style=\"margin-top:0px;margin-right:0px;margin-bottom:0px;margin-left:0px\"><strong>Niveau g\u00e9ographique correspondant<\/strong><\/h6>\n<div class=\"trigger-plus-minus\"><div class=\"horizontal\"><\/div><div class=\"vertical\"><\/div><\/div><\/div><\/div>\n\n\n\n<div class=\"wp-block-gutena-accordion-panel-content gutena-accordion-block__panel-content\"><div class=\"gutena-accordion-block__panel-content-inner\">\n<ul class=\"wp-block-list\">\n<li>R\u00e9gional<\/li>\n\n\n\n<li>National<\/li>\n\n\n\n<li>Infranational<\/li>\n\n\n\n<li>Local<\/li>\n<\/ul>\n<\/div><\/div>\n<\/div>\n\n\n\n<div class=\"wp-block-gutena-accordion-panel gutena-accordion-block__panel\">\n<div class=\"wp-block-gutena-accordion-panel-title gutena-accordion-block__panel-title\"><div class=\"gutena-accordion-block__panel-title-inner\">\n<h6 class=\"wp-block-heading has-text-align-left\" id=\"-priority-geographies-for-implementation-\" style=\"margin-top:0px;margin-right:0px;margin-bottom:0px;margin-left:0px\"><strong>Zones g\u00e9ographiques prioritaires de mise en \u0153uvre<\/strong><\/h6>\n<div class=\"trigger-plus-minus\"><div class=\"horizontal\"><\/div><div class=\"vertical\"><\/div><\/div><\/div><\/div>\n\n\n\n<div class=\"wp-block-gutena-accordion-panel-content gutena-accordion-block__panel-content\"><div class=\"gutena-accordion-block__panel-content-inner\">\n<p id=\"all-mediterranean-countries\" style=\"margin-top:0;margin-bottom:0\">Ensemble des pays m\u00e9diterran\u00e9ens<\/p>\n<\/div><\/div>\n<\/div>\n\n\n\n<div class=\"wp-block-gutena-accordion-panel gutena-accordion-block__panel\">\n<div class=\"wp-block-gutena-accordion-panel-title gutena-accordion-block__panel-title\"><div class=\"gutena-accordion-block__panel-title-inner\">\n<h6 class=\"wp-block-heading has-text-align-left\" id=\"-responsible-parties-\" style=\"margin-top:0px;margin-right:0px;margin-bottom:0px;margin-left:0px\"><strong>Parties charg\u00e9es de la mise en \u0153uvre<\/strong><\/h6>\n<div class=\"trigger-plus-minus\"><div class=\"horizontal\"><\/div><div class=\"vertical\"><\/div><\/div><\/div><\/div>\n\n\n\n<div class=\"wp-block-gutena-accordion-panel-content gutena-accordion-block__panel-content\"><div class=\"gutena-accordion-block__panel-content-inner\">\n<ul class=\"wp-block-list\">\n<li>Gouvernements nationaux<\/li>\n\n\n\n<li>Gouvernements infranationaux<\/li>\n\n\n\n<li>Union Europ\u00e9enne<\/li>\n\n\n\n<li>PNUE\/PAM-Convention de Barcelone<\/li>\n\n\n\n<li>Gestionnaires d\u2019AMP<\/li>\n\n\n\n<li>R\u00e9seaux de gestionnaires d\u2019AMP<\/li>\n\n\n\n<li>Consortium m\u00e9diterran\u00e9en pour la biodiversit\u00e9<\/li>\n\n\n\n<li>R\u00e9seaux de collectivit\u00e9s locales<\/li>\n<\/ul>\n<\/div><\/div>\n<\/div>\n\n\n\n<div class=\"wp-block-gutena-accordion-panel gutena-accordion-block__panel\">\n<div class=\"wp-block-gutena-accordion-panel-title gutena-accordion-block__panel-title\"><div class=\"gutena-accordion-block__panel-title-inner\">\n<h6 class=\"wp-block-heading has-text-align-left\" id=\"-indicators-of-success-\" style=\"margin-top:0px;margin-right:0px;margin-bottom:0px;margin-left:0px\"><strong>Indicateurs de r\u00e9ussite<\/strong><\/h6>\n<div class=\"trigger-plus-minus\"><div class=\"horizontal\"><\/div><div class=\"vertical\"><\/div><\/div><\/div><\/div>\n\n\n\n<div class=\"wp-block-gutena-accordion-panel-content gutena-accordion-block__panel-content\"><div class=\"gutena-accordion-block__panel-content-inner\">\n<ul class=\"wp-block-list\">\n<li>Nombre de pays ayant adopt\u00e9 un processus d\u2019\u00e9valuation de la l\u00e9gislation garantissant l\u2019alignement, sur la planification spatiale marine et la gestion int\u00e9gr\u00e9e des zones c\u00f4ti\u00e8res, de l\u2019ensemble des textes de lois, des ordonnances, des d\u00e9crets, des arr\u00eat\u00e9s et des \u00e9tudes d\u2019impact sur l\u2019environnement qui touchent aux AMP.<\/li>\n<\/ul>\n<\/div><\/div>\n<\/div>\n<\/div>\n\n<h3 class=\"wp-block-heading has-text-align-center has-tertiary-color has-text-color has-large-font-size\" id=\"recommendation-15-decentralise-governance\">Recommendation 1.5 DECENTRALISE GOVERNANCE<\/h3>\n\n<p class=\"has-text-align-center\">Mettre les gestionnaires d\u2019AMP \u00e0 m\u00eame, par des m\u00e9canismes juridiques et d\u2019autres moyens, d\u2019appliquer un syst\u00e8me de gouvernance d\u00e9centralis\u00e9e qui s\u2019articule autour de processus participatifs et de m\u00e9thodes de cogestion et qui soit mieux en rapport avec le contexte local.<\/p>\n\n<div class=\"wp-block-gutena-accordion gutena-accordion-block gutena-accordion-block-57626e-42 is-layout-flow wp-block-accordion-is-layout-flow\" data-single=\"false\">\n<div class=\"wp-block-gutena-accordion-panel gutena-accordion-block__panel\">\n<div class=\"wp-block-gutena-accordion-panel-title gutena-accordion-block__panel-title\"><div class=\"gutena-accordion-block__panel-title-inner\">\n<h6 class=\"wp-block-heading has-text-align-left\" id=\"-strategies-and-actions-for-implementation-\" style=\"margin-top:0px;margin-right:0px;margin-bottom:0px;margin-left:0px\"><strong>Strat\u00e9gies et mesures de mise en \u0153uvre<\/strong><\/h6>\n<div class=\"trigger-plus-minus\"><div class=\"horizontal\"><\/div><div class=\"vertical\"><\/div><\/div><\/div><\/div>\n\n\n\n<div class=\"wp-block-gutena-accordion-panel-content gutena-accordion-block__panel-content\"><div class=\"gutena-accordion-block__panel-content-inner\">\n<ul class=\"wp-block-list\">\n<li>\u00c9laborer une l\u00e9gislation nationale qui conf\u00e8re aux gestionnaires d\u2019AMP et aux parties prenantes locales les pouvoirs d\u00e9cisionnels n\u00e9cessaires.<\/li>\n\n\n\n<li>\u00c9laborer une l\u00e9gislation nationale qui \u00e9tablisse l\u2019obligation de planification participative et de cogestion avec les secteurs \u00e9conomiques et les populations locales concern\u00e9s.<\/li>\n\n\n\n<li>Renforcer les capacit\u00e9s et la formation des gestionnaires d\u2019AMP et des parties prenantes en mati\u00e8re de m\u00e9thodes participatives et de cogestion.<\/li>\n\n\n\n<li>Mettre en avant des \u00e9tudes de cas sur la cogestion pour faire des \u00e9mules.<\/li>\n\n\n\n<li>Fonder, pour les AMP, au niveau local, des comit\u00e9s de pilotage ou des comit\u00e9s consultatifs qui fassent participer toutes les parties prenantes et jettent un pont entre science, gestion et politique.<\/li>\n\n\n\n<li>Promouvoir l\u2019adoption d\u2019une approche fond\u00e9e sur les communaut\u00e9s autochtones, telle HIMA, dans le cadre l\u00e9gislatif national.<\/li>\n\n\n\n<li>Encourager la participation de toutes les parties prenantes des AMP et l\u2019int\u00e9gration de l\u2019analyse des conflits aux plans de gestion des AMP.<\/li>\n<\/ul>\n<\/div><\/div>\n<\/div>\n\n\n\n<div class=\"wp-block-gutena-accordion-panel gutena-accordion-block__panel\">\n<div class=\"wp-block-gutena-accordion-panel-title gutena-accordion-block__panel-title\"><div class=\"gutena-accordion-block__panel-title-inner\">\n<h6 class=\"wp-block-heading has-text-align-left\" id=\"-relevant-geographic-level-\" style=\"margin-top:0px;margin-right:0px;margin-bottom:0px;margin-left:0px\"><strong>Niveau g\u00e9ographique correspondant<\/strong><\/h6>\n<div class=\"trigger-plus-minus\"><div class=\"horizontal\"><\/div><div class=\"vertical\"><\/div><\/div><\/div><\/div>\n\n\n\n<div class=\"wp-block-gutena-accordion-panel-content gutena-accordion-block__panel-content\"><div class=\"gutena-accordion-block__panel-content-inner\">\n<ul class=\"wp-block-list\">\n<li>National<\/li>\n\n\n\n<li>Local<\/li>\n\n\n\n<li>AMP<\/li>\n<\/ul>\n<\/div><\/div>\n<\/div>\n\n\n\n<div class=\"wp-block-gutena-accordion-panel gutena-accordion-block__panel\">\n<div class=\"wp-block-gutena-accordion-panel-title gutena-accordion-block__panel-title\"><div class=\"gutena-accordion-block__panel-title-inner\">\n<h6 class=\"wp-block-heading has-text-align-left\" id=\"-priority-geographies-for-implementation-\" style=\"margin-top:0px;margin-right:0px;margin-bottom:0px;margin-left:0px\"><strong>Zones g\u00e9ographiques prioritaires de mise en \u0153uvre<\/strong><\/h6>\n<div class=\"trigger-plus-minus\"><div class=\"horizontal\"><\/div><div class=\"vertical\"><\/div><\/div><\/div><\/div>\n\n\n\n<div class=\"wp-block-gutena-accordion-panel-content gutena-accordion-block__panel-content\"><div class=\"gutena-accordion-block__panel-content-inner\">\n<p id=\"all-mediterranean-countries\" style=\"margin-top:0;margin-bottom:0\">Ensemble des pays m\u00e9diterran\u00e9ens<\/p>\n<\/div><\/div>\n<\/div>\n\n\n\n<div class=\"wp-block-gutena-accordion-panel gutena-accordion-block__panel\">\n<div class=\"wp-block-gutena-accordion-panel-title gutena-accordion-block__panel-title\"><div class=\"gutena-accordion-block__panel-title-inner\">\n<h6 class=\"wp-block-heading has-text-align-left\" id=\"-responsible-parties-\" style=\"margin-top:0px;margin-right:0px;margin-bottom:0px;margin-left:0px\"><strong>Parties charg\u00e9es de la mise en \u0153uvre<\/strong><\/h6>\n<div class=\"trigger-plus-minus\"><div class=\"horizontal\"><\/div><div class=\"vertical\"><\/div><\/div><\/div><\/div>\n\n\n\n<div class=\"wp-block-gutena-accordion-panel-content gutena-accordion-block__panel-content\"><div class=\"gutena-accordion-block__panel-content-inner\">\n<ul class=\"wp-block-list\">\n<li>Gouvernements nationaux, avec le concours de la Commission europ\u00e9enne (CE) et l\u2019appui du PNUE\/PAM-Convention de Barcelone (SPA\/RAC)<\/li>\n\n\n\n<li>Autorit\u00e9 responsable de l\u2019AMP, par le truchement du gestionnaire de l\u2019AMP<\/li>\n<\/ul>\n<\/div><\/div>\n<\/div>\n\n\n\n<div class=\"wp-block-gutena-accordion-panel gutena-accordion-block__panel\">\n<div class=\"wp-block-gutena-accordion-panel-title gutena-accordion-block__panel-title\"><div class=\"gutena-accordion-block__panel-title-inner\">\n<h6 class=\"wp-block-heading has-text-align-left\" id=\"-indicators-of-success-\" style=\"margin-top:0px;margin-right:0px;margin-bottom:0px;margin-left:0px\"><strong>Indicateurs de r\u00e9ussite<\/strong><\/h6>\n<div class=\"trigger-plus-minus\"><div class=\"horizontal\"><\/div><div class=\"vertical\"><\/div><\/div><\/div><\/div>\n\n\n\n<div class=\"wp-block-gutena-accordion-panel-content gutena-accordion-block__panel-content\"><div class=\"gutena-accordion-block__panel-content-inner\">\n<ul class=\"wp-block-list\">\n<li>Nombre de pays ayant \u00e9tabli un syst\u00e8me de gouvernance d\u00e9centralis\u00e9e des AMP.<\/li>\n\n\n\n<li>Nombre de pays imposant l\u2019obligation de gouvernance participative et de cogestion<\/li>\n\n\n\n<li>Nombre d\u2019AMP plac\u00e9es sous un syst\u00e8me de gouvernance d\u00e9centralis\u00e9e (nombre d\u2019accords de cogestion conclus)<\/li>\n\n\n\n<li>Nombre d\u2019AMP vis\u00e9es par l\u2019obligation de gouvernance participative et de cogestion<\/li>\n\n\n\n<li>Nombre d\u2019AMP plac\u00e9es sous gouvernance participative et cogestion.<\/li>\n<\/ul>\n<\/div><\/div>\n<\/div>\n<\/div>\n\n<h3 class=\"wp-block-heading has-text-align-center has-tertiary-color has-text-color has-large-font-size\" id=\"recommendation-16-specific-government-structures\">Recommendation 1.6 SPECIFIC GOVERNMENT STRUCTURES<\/h3>\n\n<p class=\"has-text-align-center\">Constituer, dans chaque pays, un organisme public sp\u00e9cialement pour les espaces prot\u00e9g\u00e9s, dont les AMP, ou modifier comme il convient la vocation d\u2019un organisme existant, ou cr\u00e9er, lorsque les circonstances le permettent, une structure d\u00e9di\u00e9e aux AMP.<\/p>\n\n<div class=\"wp-block-gutena-accordion gutena-accordion-block gutena-accordion-block-86eed9-2e is-layout-flow wp-block-accordion-is-layout-flow\" data-single=\"false\">\n<div class=\"wp-block-gutena-accordion-panel gutena-accordion-block__panel\">\n<div class=\"wp-block-gutena-accordion-panel-title gutena-accordion-block__panel-title\"><div class=\"gutena-accordion-block__panel-title-inner\">\n<h6 class=\"wp-block-heading has-text-align-left\" id=\"-strategies-and-actions-for-implementation-\" style=\"margin-top:0px;margin-right:0px;margin-bottom:0px;margin-left:0px\"><strong>Strat\u00e9gies et mesures de mise en \u0153uvre<\/strong><\/h6>\n<div class=\"trigger-plus-minus\"><div class=\"horizontal\"><\/div><div class=\"vertical\"><\/div><\/div><\/div><\/div>\n\n\n\n<div class=\"wp-block-gutena-accordion-panel-content gutena-accordion-block__panel-content\"><div class=\"gutena-accordion-block__panel-content-inner\">\n<ul class=\"wp-block-list\">\n<li>La strat\u00e9gie nationale et le plan d\u2019action national op\u00e9rationnel relatifs aux AMP r\u00e9clam\u00e9s par la recommandation 1.1, devraient arr\u00eater les proc\u00e9dures et le calendrier de cr\u00e9ation d\u2019une agence des AMP ou d\u2019une structure publique particuli\u00e8re d\u00e9di\u00e9e aux AMP.<\/li>\n\n\n\n<li>La l\u00e9gislation nationale \u00e0 \u00e9laborer ou \u00e0 modifier sur la protection de la nature, devrait arr\u00eater les proc\u00e9dures et le calendrier de cr\u00e9ation d\u2019une agence des AMP ou d\u2019une structure publique particuli\u00e8re d\u00e9di\u00e9e aux AMP.<\/li>\n\n\n\n<li>Les gouvernements nationaux cr\u00e9ent une agence des AMP ou une structure publique particuli\u00e8re d\u00e9di\u00e9e aux AMP.<\/li>\n\n\n\n<li>Dans chaque pays, l\u2019agence des AMP ou la structure nationale d\u00e9di\u00e9e aux AMP devrait tisser des liens de coop\u00e9ration sectorielle avec les autres minist\u00e8res, outre ceux de l\u2019environnement et de la p\u00eache, et les principales fili\u00e8res \u00e9conomiques, notamment les transports maritimes, la p\u00eache et l\u2019aquaculture.<\/li>\n\n\n\n<li>Recenser les meilleures pratiques en mati\u00e8re de cr\u00e9ation d\u2019agences des AMP et publier des \u00e9tudes de cas sur ce sujet.<\/li>\n<\/ul>\n<\/div><\/div>\n<\/div>\n\n\n\n<div class=\"wp-block-gutena-accordion-panel gutena-accordion-block__panel\">\n<div class=\"wp-block-gutena-accordion-panel-title gutena-accordion-block__panel-title\"><div class=\"gutena-accordion-block__panel-title-inner\">\n<h6 class=\"wp-block-heading has-text-align-left\" id=\"-relevant-geographic-level-\" style=\"margin-top:0px;margin-right:0px;margin-bottom:0px;margin-left:0px\"><strong>Niveau g\u00e9ographique correspondant<\/strong><\/h6>\n<div class=\"trigger-plus-minus\"><div class=\"horizontal\"><\/div><div class=\"vertical\"><\/div><\/div><\/div><\/div>\n\n\n\n<div class=\"wp-block-gutena-accordion-panel-content gutena-accordion-block__panel-content\"><div class=\"gutena-accordion-block__panel-content-inner\">\n<ul class=\"wp-block-list\">\n<li>National<\/li>\n\n\n\n<li>Infranational<\/li>\n\n\n\n<li>Local<\/li>\n<\/ul>\n<\/div><\/div>\n<\/div>\n\n\n\n<div class=\"wp-block-gutena-accordion-panel gutena-accordion-block__panel\">\n<div class=\"wp-block-gutena-accordion-panel-title gutena-accordion-block__panel-title\"><div class=\"gutena-accordion-block__panel-title-inner\">\n<h6 class=\"wp-block-heading has-text-align-left\" id=\"-priority-geographies-for-implementation-\" style=\"margin-top:0px;margin-right:0px;margin-bottom:0px;margin-left:0px\"><strong>Zones g\u00e9ographiques prioritaires de mise en \u0153uvre<\/strong><\/h6>\n<div class=\"trigger-plus-minus\"><div class=\"horizontal\"><\/div><div class=\"vertical\"><\/div><\/div><\/div><\/div>\n\n\n\n<div class=\"wp-block-gutena-accordion-panel-content gutena-accordion-block__panel-content\"><div class=\"gutena-accordion-block__panel-content-inner\">\n<p id=\"all-mediterranean-countries\" style=\"margin-top:0;margin-bottom:0\">Ensemble des pays m\u00e9diterran\u00e9ens<\/p>\n<\/div><\/div>\n<\/div>\n\n\n\n<div class=\"wp-block-gutena-accordion-panel gutena-accordion-block__panel\">\n<div class=\"wp-block-gutena-accordion-panel-title gutena-accordion-block__panel-title\"><div class=\"gutena-accordion-block__panel-title-inner\">\n<h6 class=\"wp-block-heading has-text-align-left\" id=\"-responsible-parties-\" style=\"margin-top:0px;margin-right:0px;margin-bottom:0px;margin-left:0px\"><strong>Parties charg\u00e9es de la mise en \u0153uvre<\/strong><\/h6>\n<div class=\"trigger-plus-minus\"><div class=\"horizontal\"><\/div><div class=\"vertical\"><\/div><\/div><\/div><\/div>\n\n\n\n<div class=\"wp-block-gutena-accordion-panel-content gutena-accordion-block__panel-content\"><div class=\"gutena-accordion-block__panel-content-inner\">\n<ul class=\"wp-block-list\">\n<li>Gouvernements nationaux<\/li>\n\n\n\n<li>Gouvernements infranationaux<\/li>\n<\/ul>\n<\/div><\/div>\n<\/div>\n\n\n\n<div class=\"wp-block-gutena-accordion-panel gutena-accordion-block__panel\">\n<div class=\"wp-block-gutena-accordion-panel-title gutena-accordion-block__panel-title\"><div class=\"gutena-accordion-block__panel-title-inner\">\n<h6 class=\"wp-block-heading has-text-align-left\" id=\"-indicators-of-success-\" style=\"margin-top:0px;margin-right:0px;margin-bottom:0px;margin-left:0px\"><strong>Indicateurs de r\u00e9ussite<\/strong><\/h6>\n<div class=\"trigger-plus-minus\"><div class=\"horizontal\"><\/div><div class=\"vertical\"><\/div><\/div><\/div><\/div>\n\n\n\n<div class=\"wp-block-gutena-accordion-panel-content gutena-accordion-block__panel-content\"><div class=\"gutena-accordion-block__panel-content-inner\">\n<ul class=\"wp-block-list\">\n<li>Nombre de pays suppl\u00e9mentaires ayant cr\u00e9\u00e9, pour les AMP, un organisme ou une structure nationale dot\u00e9e d\u2019un budget suffisant<\/li>\n<\/ul>\n<\/div><\/div>\n<\/div>\n<\/div>\n","protected":false},"excerpt":{"rendered":"<p>OBJECTIF STRAT\u00c9GIQUE 1 Poursuivre, avec un souci de plus grande \u00e9quit\u00e9, le d\u00e9veloppement des instances responsables des politiques relatives aux AMP et des instances de gouver- nance des AMP en M\u00e9diter- ran\u00e9e de mani\u00e8re qu\u2019elles tiennent compte des autorit\u00e9s locales, s\u2019int\u00e8grent aux autres secteurs et soient en rapport avec le contexte local des AMP. Recommendation [&hellip;]<\/p>\n","protected":false},"author":1,"featured_media":0,"parent":818,"menu_order":0,"comment_status":"closed","ping_status":"closed","template":"wp-custom-template-strategic-objective-page","meta":{"_eb_attr":"","footnotes":""},"class_list":["post-820","page","type-page","status-publish","hentry"],"_links":{"self":[{"href":"https:\/\/www.medmpaforum.org\/fr\/wp-json\/wp\/v2\/pages\/820","targetHints":{"allow":["GET"]}}],"collection":[{"href":"https:\/\/www.medmpaforum.org\/fr\/wp-json\/wp\/v2\/pages"}],"about":[{"href":"https:\/\/www.medmpaforum.org\/fr\/wp-json\/wp\/v2\/types\/page"}],"author":[{"embeddable":true,"href":"https:\/\/www.medmpaforum.org\/fr\/wp-json\/wp\/v2\/users\/1"}],"replies":[{"embeddable":true,"href":"https:\/\/www.medmpaforum.org\/fr\/wp-json\/wp\/v2\/comments?post=820"}],"version-history":[{"count":8,"href":"https:\/\/www.medmpaforum.org\/fr\/wp-json\/wp\/v2\/pages\/820\/revisions"}],"predecessor-version":[{"id":1983,"href":"https:\/\/www.medmpaforum.org\/fr\/wp-json\/wp\/v2\/pages\/820\/revisions\/1983"}],"up":[{"embeddable":true,"href":"https:\/\/www.medmpaforum.org\/fr\/wp-json\/wp\/v2\/pages\/818"}],"wp:attachment":[{"href":"https:\/\/www.medmpaforum.org\/fr\/wp-json\/wp\/v2\/media?parent=820"}],"curies":[{"name":"wp","href":"https:\/\/api.w.org\/{rel}","templated":true}]}}