{"id":830,"date":"2023-10-06T10:38:18","date_gmt":"2023-10-06T10:38:18","guid":{"rendered":"https:\/\/www.medmpaforum.org\/?page_id=830"},"modified":"2024-02-21T08:50:48","modified_gmt":"2024-02-21T08:50:48","slug":"recommandations-transversales","status":"publish","type":"page","link":"https:\/\/www.medmpaforum.org\/fr\/la-feuille-de-route-pour-lapres-2020\/recommandations-transversales\/","title":{"rendered":"Recommandations Transversales"},"content":{"rendered":"\n<div class=\"wp-block-group alignfull has-secondary-background-color has-background has-global-padding is-layout-constrained wp-container-core-group-is-layout-fda5f77b wp-block-group-is-layout-constrained\" style=\"padding-top:var(--wp--preset--spacing--30);padding-bottom:var(--wp--preset--spacing--30)\">\n<p class=\"has-text-align-center has-base-color has-text-color\">OBJECTIFS STRAT\u00c9GIQUE 6<\/p>\n\n\n<h1 style=\"font-style:normal;font-weight:700; padding-top:0;padding-bottom:var(--wp--preset--spacing--30);\" class=\"has-text-align-center wp-block-post-title has-text-color has-base-color has-large-font-size\">Recommandations Transversales<\/h1><\/div>\n\n\n\n<div class=\"wp-block-columns has-secondary-background-color has-background is-layout-flex wp-container-core-columns-is-layout-ce7b1916 wp-block-columns-is-layout-flex\" style=\"margin-top:var(--wp--preset--spacing--50);margin-bottom:var(--wp--preset--spacing--50);padding-top:var(--wp--preset--spacing--30);padding-right:var(--wp--preset--spacing--30);padding-bottom:var(--wp--preset--spacing--30);padding-left:var(--wp--preset--spacing--30)\">\n<div class=\"wp-block-column is-layout-flow wp-block-column-is-layout-flow\" style=\"padding-top:var(--wp--preset--spacing--30);padding-right:var(--wp--preset--spacing--30);padding-bottom:var(--wp--preset--spacing--30);padding-left:var(--wp--preset--spacing--30);flex-basis:100%\">\n\n\n<p><\/p>\n<\/div>\n\n\n\n<div class=\"wp-block-column is-layout-flow wp-block-column-is-layout-flow\" style=\"flex-basis:100%\">\n<figure class=\"wp-block-image size-full\"><img loading=\"lazy\" decoding=\"async\" width=\"719\" height=\"665\" src=\"https:\/\/www.medmpaforum.org\/wp-content\/uploads\/2023\/11\/SO6.png\" alt=\"\" class=\"wp-image-1510\" style=\"object-fit:cover\" srcset=\"https:\/\/www.medmpaforum.org\/wp-content\/uploads\/2023\/11\/SO6.png 719w, https:\/\/www.medmpaforum.org\/wp-content\/uploads\/2023\/11\/SO6-300x277.png 300w\" sizes=\"auto, (max-width: 719px) 100vw, 719px\" \/><\/figure>\n<\/div>\n<\/div>\n\n\n<div class=\"wp-block-table-of-contents-block-table-of-contents-block wp-block-table-of-contents-block-table-of-contents-block\"><div class=\"eb-parent-wrapper eb-parent-eb-toc-j426i8v \"><div class=\"eb-toc-container eb-toc-j426i8v  eb-toc-is-not-sticky eb-toc-not-collapsible eb-toc-initially-not-collapsed eb-toc-scrollToTop style-1 list-style-none\" data-scroll-top=\"false\" data-scroll-top-icon=\"fas fa-angle-up\" data-collapsible=\"false\" data-sticky-hide-mobile=\"false\" data-sticky=\"false\" data-scroll-target=\"scroll_to_toc\" data-copy-link=\"false\" data-editor-type=\"\" data-hide-desktop=\"false\" data-hide-tab=\"false\" data-hide-mobile=\"false\" data-itemCollapsed=\"false\"><div class=\"eb-toc-header\"><div class=\"eb-toc-title\">Aller \u00e0:<\/div><\/div><div class=\"eb-toc-wrapper \" data-headers=\"[{&quot;level&quot;:3,&quot;content&quot;:&quot;Recommendation 6.1 MISE EN R\\u00c9SEAU&quot;,&quot;text&quot;:&quot;Recommendation 6.1 MISE EN R\\u00c9SEAU&quot;,&quot;link&quot;:&quot;eb-table-content-0&quot;},{&quot;level&quot;:3,&quot;content&quot;:&quot;Recommandation 6.2 RELANCE POSTPAND\\u00c9MIQUE&quot;,&quot;text&quot;:&quot;Recommandation 6.2 RELANCE POSTPAND\\u00c9MIQUE&quot;,&quot;link&quot;:&quot;eb-table-content-1&quot;},{&quot;level&quot;:3,&quot;content&quot;:&quot;Recommandation 6.3 \\u00c9QUIT\\u00c9 ENTRE LES SEXES&quot;,&quot;text&quot;:&quot;Recommandation 6.3 \\u00c9QUIT\\u00c9 ENTRE LES SEXES&quot;,&quot;link&quot;:&quot;eb-table-content-2&quot;},{&quot;level&quot;:3,&quot;content&quot;:&quot;Recommandation 6.4 PAR-DEL\\u00c0 LES AMP&quot;,&quot;text&quot;:&quot;Recommandation 6.4 PAR-DEL\\u00c0 LES AMP&quot;,&quot;link&quot;:&quot;eb-table-content-3&quot;},{&quot;level&quot;:3,&quot;content&quot;:&quot;Recommandation 6.5 MENACES NOUVELLES ET EXISTENTIELLES&quot;,&quot;text&quot;:&quot;Recommandation 6.5 MENACES NOUVELLES ET EXISTENTIELLES&quot;,&quot;link&quot;:&quot;recommandation-65-menaces-nouvelles-et-existentielles&quot;}]\" data-visible=\"[false,false,true,false,false,false]\" data-delete-headers=\"[{&quot;label&quot;:&quot;Recommendation 6.1 MISE EN R\\u00c9SEAU&quot;,&quot;value&quot;:&quot;recommendation-61-mise-en-r\\u00e9seau&quot;,&quot;isDelete&quot;:false},{&quot;label&quot;:&quot;Recommandation 6.2 RELANCE POSTPAND\\u00c9MIQUE&quot;,&quot;value&quot;:&quot;recommandation-62-relance-postpand\\u00e9mique&quot;,&quot;isDelete&quot;:false},{&quot;label&quot;:&quot;Recommandation 6.3 \\u00c9QUIT\\u00c9 ENTRE LES SEXES&quot;,&quot;value&quot;:&quot;recommandation-63-\\u00e9quit\\u00e9-entre-les-sexes&quot;,&quot;isDelete&quot;:false},{&quot;label&quot;:&quot;Recommandation 6.4 PAR-DEL\\u00c0 LES AMP&quot;,&quot;value&quot;:&quot;recommandation-64-par-del\\u00e0-les-amp&quot;,&quot;isDelete&quot;:false},{&quot;label&quot;:&quot;Recommandation 6.5 MENACES NOUVELLES ET EXISTENTIELLES&quot;,&quot;value&quot;:&quot;recommandation-65-menaces-nouvelles-et-existentielles&quot;,&quot;isDelete&quot;:false}]\" data-smooth=\"true\" data-top-offset=\"\"><div class=\"eb-toc__list-wrap\"><ul class='eb-toc__list'><li><a href=\"#eb-table-content-0\">Recommendation 6.1 MISE EN R\u00c9SEAU<\/a><li><a href=\"#eb-table-content-1\">Recommandation 6.2 RELANCE POSTPAND\u00c9MIQUE<\/a><li><a href=\"#eb-table-content-2\">Recommandation 6.3 \u00c9QUIT\u00c9 ENTRE LES SEXES<\/a><li><a href=\"#eb-table-content-3\">Recommandation 6.4 PAR-DEL\u00c0 LES AMP<\/a><li><a href=\"#recommandation-65-menaces-nouvelles-et-existentielles\">Recommandation 6.5 MENACES NOUVELLES ET EXISTENTIELLES<\/a><\/ul><\/div><\/div><\/div><\/div><\/div>\n\n\n<h3 class=\"wp-block-heading has-text-align-center has-tertiary-color has-text-color has-large-font-size\">Recommendation 6.1 MISE EN R\u00c9SEAU<\/h3>\n\n\n\n<p>Appuyer, \u00e0 tous les niveaux, la mise en r\u00e9seau des gestionnaires d\u2019AMP et des parties prenantes des AMP afin de g\u00e9n\u00e9raliser les bonnes pratiques et de tisser des liens permanents entre les r\u00e9seaux de gestionnaires d\u2019AMP et les autres r\u00e9seaux de parties prenantes, de sorte que les acteurs de terrain aient droit au chapitre du processus d\u00e9cisionnel.<\/p>\n\n\n\n<div class=\"wp-block-gutena-accordion gutena-accordion-block gutena-accordion-block-5c2490-19 is-layout-flow wp-block-accordion-is-layout-flow\" data-single=\"false\">\n<div class=\"wp-block-gutena-accordion-panel gutena-accordion-block__panel\">\n<div class=\"wp-block-gutena-accordion-panel-title gutena-accordion-block__panel-title\"><div class=\"gutena-accordion-block__panel-title-inner\">\n<h6 class=\"wp-block-heading has-text-align-left\" style=\"margin-top:0px;margin-right:0px;margin-bottom:0px;margin-left:0px\"><strong>Strat\u00e9gies et mesures de mise en \u0153uvre<\/strong><\/h6>\n<div class=\"trigger-plus-minus\"><div class=\"horizontal\"><\/div><div class=\"vertical\"><\/div><\/div><\/div><\/div>\n\n\n\n<div class=\"wp-block-gutena-accordion-panel-content gutena-accordion-block__panel-content\"><div class=\"gutena-accordion-block__panel-content-inner\">\n<ul class=\"wp-block-list\">\n<li>Poursuivre les travaux th\u00e9matiques de groupes de travail r\u00e9gionaux sur les AMP<\/li>\n\n\n\n<li>Poursuivre les activit\u00e9s de MedPAN dans son r\u00f4le de plate-forme r\u00e9gionale permanente entre gestionnaires et parties prenantes des AMP.<\/li>\n\n\n\n<li>Appuyer les r\u00e9seaux d\u2019AMP nationaux et infrar\u00e9gionaux existants ou nouveaux et resserrer les liens de coop\u00e9ration entre eux et MedPAN.<\/li>\n\n\n\n<li>Affilier les r\u00e9seaux de gestionnaires d\u2019AMP \u00e0 des r\u00e9seaux de parties prenantes nationaux, infrar\u00e9gionaux, europ\u00e9ens, m\u00e9diterran\u00e9ens et au-del\u00e0 de la M\u00e9diterran\u00e9e, en cr\u00e9ant des synergies et en mettant sur pied des initiatives communes.<\/li>\n\n\n\n<li>Multiplier les liens avec les repr\u00e9sentantes et repr\u00e9sentants du secteur priv\u00e9 et les r\u00e9seaux du secteur priv\u00e9 (tourisme, industrie, etc.) et tisser des liens avec les autres centres d\u2019activit\u00e9s r\u00e9gionales th\u00e9matiques relevant de la Convention de Barcelone<\/li>\n\n\n\n<li>Affilier les r\u00e9seaux de gestionnaires d\u2019AMP en M\u00e9diterran\u00e9e (niveau national, r\u00e9gional et infrar\u00e9gional) \u00e0 des r\u00e9seaux de gestionnaires d\u2019AMP r\u00e9gionaux et nationaux au-del\u00e0 de la M\u00e9diterran\u00e9e (r\u00e9gions transatlantiques, mers avoisinantes et monde).<\/li>\n<\/ul>\n<\/div><\/div>\n<\/div>\n\n\n\n<div class=\"wp-block-gutena-accordion-panel gutena-accordion-block__panel\">\n<div class=\"wp-block-gutena-accordion-panel-title gutena-accordion-block__panel-title\"><div class=\"gutena-accordion-block__panel-title-inner\">\n<h6 class=\"wp-block-heading has-text-align-left\" style=\"margin-top:0px;margin-right:0px;margin-bottom:0px;margin-left:0px\"><strong>Niveau g\u00e9ographique correspondant<\/strong><\/h6>\n<div class=\"trigger-plus-minus\"><div class=\"horizontal\"><\/div><div class=\"vertical\"><\/div><\/div><\/div><\/div>\n\n\n\n<div class=\"wp-block-gutena-accordion-panel-content gutena-accordion-block__panel-content\"><div class=\"gutena-accordion-block__panel-content-inner\">\n<ul class=\"wp-block-list\">\n<li>Mondial<\/li>\n\n\n\n<li>R\u00e9gional<\/li>\n\n\n\n<li>Infrar\u00e9gional<\/li>\n\n\n\n<li>National<\/li>\n<\/ul>\n<\/div><\/div>\n<\/div>\n\n\n\n<div class=\"wp-block-gutena-accordion-panel gutena-accordion-block__panel\">\n<div class=\"wp-block-gutena-accordion-panel-title gutena-accordion-block__panel-title\"><div class=\"gutena-accordion-block__panel-title-inner\">\n<h6 class=\"wp-block-heading has-text-align-left\" style=\"margin-top:0px;margin-right:0px;margin-bottom:0px;margin-left:0px\"><strong>Zones g\u00e9ographiques prioritaires de mise en \u0153uvre<\/strong><\/h6>\n<div class=\"trigger-plus-minus\"><div class=\"horizontal\"><\/div><div class=\"vertical\"><\/div><\/div><\/div><\/div>\n\n\n\n<div class=\"wp-block-gutena-accordion-panel-content gutena-accordion-block__panel-content\"><div class=\"gutena-accordion-block__panel-content-inner\">\n<p>Ensemble des pays m\u00e9diterran\u00e9ens.<\/p>\n<\/div><\/div>\n<\/div>\n\n\n\n<div class=\"wp-block-gutena-accordion-panel gutena-accordion-block__panel\">\n<div class=\"wp-block-gutena-accordion-panel-title gutena-accordion-block__panel-title\"><div class=\"gutena-accordion-block__panel-title-inner\">\n<h6 class=\"wp-block-heading has-text-align-left\" style=\"margin-top:0px;margin-right:0px;margin-bottom:0px;margin-left:0px\"><strong>Parties charg\u00e9es de la mise en \u0153uvre<\/strong><\/h6>\n<div class=\"trigger-plus-minus\"><div class=\"horizontal\"><\/div><div class=\"vertical\"><\/div><\/div><\/div><\/div>\n\n\n\n<div class=\"wp-block-gutena-accordion-panel-content gutena-accordion-block__panel-content\"><div class=\"gutena-accordion-block__panel-content-inner\">\n<ul class=\"wp-block-list\">\n<li>MedPAN<\/li>\n\n\n\n<li>R\u00e9seaux r\u00e9gionaux d\u2019AMP en M\u00e9diterran\u00e9e et ailleurs<\/li>\n\n\n\n<li>R\u00e9seaux nationaux d\u2019AMP<\/li>\n\n\n\n<li>Autres r\u00e9seaux de parties prenantes<\/li>\n\n\n\n<li>Centres d\u2019activit\u00e9s r\u00e9gionales relevant de la Convention de Barcelone<\/li>\n\n\n\n<li>Platesformes de l\u2019Initiative en faveur de la croissance bleue<\/li>\n<\/ul>\n<\/div><\/div>\n<\/div>\n\n\n\n<div class=\"wp-block-gutena-accordion-panel gutena-accordion-block__panel\">\n<div class=\"wp-block-gutena-accordion-panel-title gutena-accordion-block__panel-title\"><div class=\"gutena-accordion-block__panel-title-inner\">\n<h6 class=\"wp-block-heading has-text-align-left\" style=\"margin-top:0px;margin-right:0px;margin-bottom:0px;margin-left:0px\"><strong>Indicateurs de r\u00e9ussite<\/strong><\/h6>\n<div class=\"trigger-plus-minus\"><div class=\"horizontal\"><\/div><div class=\"vertical\"><\/div><\/div><\/div><\/div>\n\n\n\n<div class=\"wp-block-gutena-accordion-panel-content gutena-accordion-block__panel-content\"><div class=\"gutena-accordion-block__panel-content-inner\">\n<ul class=\"wp-block-list\">\n<li>Nombre de manifestations r\u00e9gionales de mise en r\u00e9seau.<\/li>\n\n\n\n<li>Nombre de membres appartenant aux divers r\u00e9seaux nationaux, r\u00e9gionaux et infrar\u00e9gionaux<\/li>\n\n\n\n<li>r\u00e9seaux r\u00e9gionaux<\/li>\n\n\n\n<li>Nombre de nouveaux r\u00e9seaux infrar\u00e9gionaux et nationaux.<\/li>\n\n\n\n<li>Nombre d\u2019interactions et d\u2019initiatives communes avec<\/li>\n\n\n\n<li>d\u2019autres r\u00e9seaux au-del\u00e0 de la M\u00e9diterran\u00e9e.<\/li>\n\n\n\n<li>Nombre de r\u00e9unions organis\u00e9es entre les r\u00e9seaux en M\u00e9diterran\u00e9e.<\/li>\n\n\n\n<li>Nombre de personnes intervenant dans les activit\u00e9s de mise en r\u00e9seau.<\/li>\n\n\n\n<li>Nombre de forums du secteur priv\u00e9 auxquels participent des repr\u00e9sentantes et repr\u00e9sentants d\u2019AMP.<\/li>\n\n\n\n<li>Nombre d\u2019initiatives communes (en mati\u00e8re d\u2019action strat\u00e9gique et de renforcement des capacit\u00e9s) mises sur pied par<\/li>\n\n\n\n<li>des r\u00e9seaux de gestionnaires d\u2019AMP et d\u2019autres r\u00e9seaux de parties prenantes.<\/li>\n<\/ul>\n<\/div><\/div>\n<\/div>\n<\/div>\n\n\n\n<h3 class=\"wp-block-heading has-text-align-center has-tertiary-color has-text-color has-large-font-size\">Recommandation 6.2 RELANCE POSTPAND\u00c9MIQUE<\/h3>\n\n\n\n<p>\u00c9laborer des plans de relance apr\u00e8s la pand\u00e9mie de COVID-19 ou appuyer des plans existants qui fixent les modalit\u00e9s suivant lesquelles les AMP peuvent concourir \u00e0 \u00ab reconstruire en mieux \u00bb la M\u00e9diterran\u00e9e.<\/p>\n\n\n\n<div class=\"wp-block-gutena-accordion gutena-accordion-block gutena-accordion-block-f204cf-52 is-layout-flow wp-block-accordion-is-layout-flow\" data-single=\"false\">\n<div class=\"wp-block-gutena-accordion-panel gutena-accordion-block__panel\">\n<div class=\"wp-block-gutena-accordion-panel-title gutena-accordion-block__panel-title\"><div class=\"gutena-accordion-block__panel-title-inner\">\n<h6 class=\"wp-block-heading has-text-align-left\" style=\"margin-top:0px;margin-right:0px;margin-bottom:0px;margin-left:0px\"><strong>Strat\u00e9gies et mesures de mise en \u0153uvre<\/strong><\/h6>\n<div class=\"trigger-plus-minus\"><div class=\"horizontal\"><\/div><div class=\"vertical\"><\/div><\/div><\/div><\/div>\n\n\n\n<div class=\"wp-block-gutena-accordion-panel-content gutena-accordion-block__panel-content\"><div class=\"gutena-accordion-block__panel-content-inner\">\n<p><\/p>\n\n\n\n<ul class=\"wp-block-list\">\n<li>Organiser, dans diff\u00e9rentes sous-r\u00e9gions de la M\u00e9diterran\u00e9e et au niveau national, des ateliers multipartites qui aient pour objet de d\u00e9finir les enjeux et les r\u00e9ponses qui se rapportent \u00e0 un plan de relance post-pand\u00e9mique.<\/li>\n\n\n\n<li>Appuyer les plans de relance existants ou en cours d\u2019\u00e9laboration en faisant en sorte que les AMP y soient d\u00fbment repr\u00e9sent\u00e9es.<\/li>\n<\/ul>\n<\/div><\/div>\n<\/div>\n\n\n\n<div class=\"wp-block-gutena-accordion-panel gutena-accordion-block__panel\">\n<div class=\"wp-block-gutena-accordion-panel-title gutena-accordion-block__panel-title\"><div class=\"gutena-accordion-block__panel-title-inner\">\n<h6 class=\"wp-block-heading has-text-align-left\" style=\"margin-top:0px;margin-right:0px;margin-bottom:0px;margin-left:0px\"><strong>Niveau g\u00e9ographique correspondant<\/strong><\/h6>\n<div class=\"trigger-plus-minus\"><div class=\"horizontal\"><\/div><div class=\"vertical\"><\/div><\/div><\/div><\/div>\n\n\n\n<div class=\"wp-block-gutena-accordion-panel-content gutena-accordion-block__panel-content\"><div class=\"gutena-accordion-block__panel-content-inner\">\n<ul class=\"wp-block-list\">\n<li>R\u00e9gional<\/li>\n\n\n\n<li>Infrar\u00e9gional<\/li>\n\n\n\n<li>National<\/li>\n<\/ul>\n<\/div><\/div>\n<\/div>\n\n\n\n<div class=\"wp-block-gutena-accordion-panel gutena-accordion-block__panel\">\n<div class=\"wp-block-gutena-accordion-panel-title gutena-accordion-block__panel-title\"><div class=\"gutena-accordion-block__panel-title-inner\">\n<h6 class=\"wp-block-heading has-text-align-left\" style=\"margin-top:0px;margin-right:0px;margin-bottom:0px;margin-left:0px\"><strong>Zones g\u00e9ographiques prioritaires de mise en \u0153uvre<\/strong><\/h6>\n<div class=\"trigger-plus-minus\"><div class=\"horizontal\"><\/div><div class=\"vertical\"><\/div><\/div><\/div><\/div>\n\n\n\n<div class=\"wp-block-gutena-accordion-panel-content gutena-accordion-block__panel-content\"><div class=\"gutena-accordion-block__panel-content-inner\">\n<p style=\"margin-top:0;margin-bottom:0\">Ensemble des pays m\u00e9diterran\u00e9ens<\/p>\n<\/div><\/div>\n<\/div>\n\n\n\n<div class=\"wp-block-gutena-accordion-panel gutena-accordion-block__panel\">\n<div class=\"wp-block-gutena-accordion-panel-title gutena-accordion-block__panel-title\"><div class=\"gutena-accordion-block__panel-title-inner\">\n<h6 class=\"wp-block-heading has-text-align-left\" style=\"margin-top:0px;margin-right:0px;margin-bottom:0px;margin-left:0px\"><strong>Parties charg\u00e9es de la mise en \u0153uvre<\/strong><\/h6>\n<div class=\"trigger-plus-minus\"><div class=\"horizontal\"><\/div><div class=\"vertical\"><\/div><\/div><\/div><\/div>\n\n\n\n<div class=\"wp-block-gutena-accordion-panel-content gutena-accordion-block__panel-content\"><div class=\"gutena-accordion-block__panel-content-inner\">\n<ul class=\"wp-block-list\">\n<li>Union Europ\u00e9enne<\/li>\n\n\n\n<li>PNUE\/PAM-Convention de Barcelone, par le truchement du SPA\/RAC<\/li>\n\n\n\n<li>OIG et ONG<\/li>\n\n\n\n<li>Consortium m\u00e9diterran\u00e9en pour la biodiversit\u00e9<\/li>\n<\/ul>\n<\/div><\/div>\n<\/div>\n\n\n\n<div class=\"wp-block-gutena-accordion-panel gutena-accordion-block__panel\">\n<div class=\"wp-block-gutena-accordion-panel-title gutena-accordion-block__panel-title\"><div class=\"gutena-accordion-block__panel-title-inner\">\n<h6 class=\"wp-block-heading has-text-align-left\" style=\"margin-top:0px;margin-right:0px;margin-bottom:0px;margin-left:0px\"><strong>Indicateurs de r\u00e9ussite<\/strong><\/h6>\n<div class=\"trigger-plus-minus\"><div class=\"horizontal\"><\/div><div class=\"vertical\"><\/div><\/div><\/div><\/div>\n\n\n\n<div class=\"wp-block-gutena-accordion-panel-content gutena-accordion-block__panel-content\"><div class=\"gutena-accordion-block__panel-content-inner\">\n<ul class=\"wp-block-list\">\n<li>\u00c9laboration de plans de relance post-pand\u00e9miques op\u00e9rationnels au niveau national.<\/li>\n<\/ul>\n<\/div><\/div>\n<\/div>\n<\/div>\n\n\n\n<h3 class=\"wp-block-heading has-text-align-center has-tertiary-color has-text-color has-large-font-size\">Recommandation 6.3 \u00c9QUIT\u00c9 ENTRE LES SEXES<\/h3>\n\n\n\n<p>Garantir l\u2019\u00e9quit\u00e9 entre les sexes dans tous les aspects de la d\u00e9signation et de la gestion des AMP.<\/p>\n\n\n\n<div class=\"wp-block-gutena-accordion gutena-accordion-block gutena-accordion-block-c5b6fd-41 is-layout-flow wp-block-accordion-is-layout-flow\" data-single=\"false\">\n<div class=\"wp-block-gutena-accordion-panel gutena-accordion-block__panel\">\n<div class=\"wp-block-gutena-accordion-panel-title gutena-accordion-block__panel-title\"><div class=\"gutena-accordion-block__panel-title-inner\">\n<h6 class=\"wp-block-heading has-text-align-left\" style=\"margin-top:0px;margin-right:0px;margin-bottom:0px;margin-left:0px\"><strong>Strat\u00e9gies et mesures de mise en \u0153uvre<\/strong><\/h6>\n<div class=\"trigger-plus-minus\"><div class=\"horizontal\"><\/div><div class=\"vertical\"><\/div><\/div><\/div><\/div>\n\n\n\n<div class=\"wp-block-gutena-accordion-panel-content gutena-accordion-block__panel-content\"><div class=\"gutena-accordion-block__panel-content-inner\">\n<ul class=\"wp-block-list\">\n<li>D\u00e9terminer, \u00e0 l\u2019aide d\u2019enqu\u00eates et d\u2019ateliers au niveau m\u00e9diterran\u00e9en, les points qui font obstacle \u00e0 l\u2019\u00e9quit\u00e9 entre les femmes et les hommes, et recueillir des donn\u00e9es ventil\u00e9es par sexe.<\/li>\n\n\n\n<li>Recenser les meilleures pratiques susceptibles d\u2019instituer une culture soucieuse d\u2019\u00e9quit\u00e9 entre les sexes, \u00e9laborer des orientations concernant leur mise en \u0153uvre et les mettre en avant pendant les ateliers en mise en commun des donn\u00e9es d\u2019exp\u00e9rience<\/li>\n\n\n\n<li>\u00c9laborer, eu \u00e9gard aux consid\u00e9rations qui pr\u00e9c\u00e8dent, une strat\u00e9gie et un plan d\u2019action \u00e0 l\u2019\u00e9chelle de la M\u00e9diterran\u00e9e en faveur de l\u2019\u00e9quit\u00e9 entre les sexes dans la d\u00e9signation et la gestion des AMP.<\/li>\n\n\n\n<li>Promouvoir partout en M\u00e9diterran\u00e9e le plan d\u2019action en faveur de l\u2019\u00e9quit\u00e9 entre les sexes<\/li>\n\n\n\n<li>Les bailleurs de fonds peuvent g\u00e9n\u00e9rer des sources de financement en faveur de l\u2019\u00e9quit\u00e9 entre les sexes.<\/li>\n<\/ul>\n<\/div><\/div>\n<\/div>\n\n\n\n<div class=\"wp-block-gutena-accordion-panel gutena-accordion-block__panel\">\n<div class=\"wp-block-gutena-accordion-panel-title gutena-accordion-block__panel-title\"><div class=\"gutena-accordion-block__panel-title-inner\">\n<h6 class=\"wp-block-heading has-text-align-left\" style=\"margin-top:0px;margin-right:0px;margin-bottom:0px;margin-left:0px\"><strong>Niveau g\u00e9ographique correspondant<\/strong><\/h6>\n<div class=\"trigger-plus-minus\"><div class=\"horizontal\"><\/div><div class=\"vertical\"><\/div><\/div><\/div><\/div>\n\n\n\n<div class=\"wp-block-gutena-accordion-panel-content gutena-accordion-block__panel-content\"><div class=\"gutena-accordion-block__panel-content-inner\">\n<ul class=\"wp-block-list\">\n<li>R\u00e9gional<\/li>\n\n\n\n<li>National<\/li>\n\n\n\n<li>Local<\/li>\n<\/ul>\n<\/div><\/div>\n<\/div>\n\n\n\n<div class=\"wp-block-gutena-accordion-panel gutena-accordion-block__panel\">\n<div class=\"wp-block-gutena-accordion-panel-title gutena-accordion-block__panel-title\"><div class=\"gutena-accordion-block__panel-title-inner\">\n<h6 class=\"wp-block-heading has-text-align-left\" style=\"margin-top:0px;margin-right:0px;margin-bottom:0px;margin-left:0px\"><strong>Zones g\u00e9ographiques prioritaires de mise en \u0153uvre<\/strong><\/h6>\n<div class=\"trigger-plus-minus\"><div class=\"horizontal\"><\/div><div class=\"vertical\"><\/div><\/div><\/div><\/div>\n\n\n\n<div class=\"wp-block-gutena-accordion-panel-content gutena-accordion-block__panel-content\"><div class=\"gutena-accordion-block__panel-content-inner\">\n<p style=\"margin-top:0;margin-bottom:0\">Ensemble des pays m\u00e9diterran\u00e9ens<\/p>\n<\/div><\/div>\n<\/div>\n\n\n\n<div class=\"wp-block-gutena-accordion-panel gutena-accordion-block__panel\">\n<div class=\"wp-block-gutena-accordion-panel-title gutena-accordion-block__panel-title\"><div class=\"gutena-accordion-block__panel-title-inner\">\n<h6 class=\"wp-block-heading has-text-align-left\" style=\"margin-top:0px;margin-right:0px;margin-bottom:0px;margin-left:0px\"><strong>Parties charg\u00e9es de la mise en \u0153uvre<\/strong><\/h6>\n<div class=\"trigger-plus-minus\"><div class=\"horizontal\"><\/div><div class=\"vertical\"><\/div><\/div><\/div><\/div>\n\n\n\n<div class=\"wp-block-gutena-accordion-panel-content gutena-accordion-block__panel-content\"><div class=\"gutena-accordion-block__panel-content-inner\">\n<ul class=\"wp-block-list\">\n<li>OIG et ONG<\/li>\n\n\n\n<li>The MedFund et bailleurs de fonds internationaux<\/li>\n<\/ul>\n<\/div><\/div>\n<\/div>\n\n\n\n<div class=\"wp-block-gutena-accordion-panel gutena-accordion-block__panel\">\n<div class=\"wp-block-gutena-accordion-panel-title gutena-accordion-block__panel-title\"><div class=\"gutena-accordion-block__panel-title-inner\">\n<h6 class=\"wp-block-heading has-text-align-left\" style=\"margin-top:0px;margin-right:0px;margin-bottom:0px;margin-left:0px\"><strong>Indicateurs de r\u00e9ussite<\/strong><\/h6>\n<div class=\"trigger-plus-minus\"><div class=\"horizontal\"><\/div><div class=\"vertical\"><\/div><\/div><\/div><\/div>\n\n\n\n<div class=\"wp-block-gutena-accordion-panel-content gutena-accordion-block__panel-content\"><div class=\"gutena-accordion-block__panel-content-inner\">\n<ul class=\"wp-block-list\">\n<li>Meilleures pratiques en mati\u00e8re d\u2019\u00e9quit\u00e9 entre les sexes recens\u00e9es, diffus\u00e9es et mises en avant<\/li>\n\n\n\n<li>\u00c9laboration d\u2019une strat\u00e9gie et d\u2019un plan d\u2019action op\u00e9rationnels en faveur de l\u2019\u00e9quit\u00e9 entre les sexes au niveau des AMP.<\/li>\n<\/ul>\n<\/div><\/div>\n<\/div>\n<\/div>\n\n\n\n<h3 class=\"wp-block-heading has-text-align-center has-tertiary-color has-text-color has-large-font-size\">Recommandation 6.4 PAR-DEL\u00c0 LES AMP<\/h3>\n\n\n\n<p>Ayant pr\u00e9sent \u00e0 l\u2019esprit l\u2019engagement pris au titre de la Convention de Barcelone, \u00e0 travers la Strat\u00e9gie r\u00e9gionale post2020 pour les aires marines et c\u00f4ti\u00e8res prot\u00e9g\u00e9es et autres mesures efficaces de conservation par zone en M\u00e9diterran\u00e9e, d\u2019assurer la protection de 30 % de la M\u00e9diterran\u00e9e (PNUE\/PAM, 2021), redoubler d\u2019efforts pour conserver la biodiversit\u00e9 au-del\u00e0 des limites des AMP, dans des zones relevant de la juridiction nationale et hors juridiction nationale, en adoptant d\u2019autres mesures sectorielles et spatiales, notamment les aires sp\u00e9cialement prot\u00e9g\u00e9es d\u2019importance m\u00e9diterran\u00e9enne (ASPIM), les Zone maritime particuli\u00e8rement vuln\u00e9rable (ZMPV), les Zones de p\u00eache r\u00e9glement\u00e9e (ZPR) et les Autres Mesures de Conservation Efficace (AMCE).<\/p>\n\n\n\n<div class=\"wp-block-gutena-accordion gutena-accordion-block gutena-accordion-block-b1ba73-2f is-layout-flow wp-block-accordion-is-layout-flow\" data-single=\"false\">\n<div class=\"wp-block-gutena-accordion-panel gutena-accordion-block__panel\">\n<div class=\"wp-block-gutena-accordion-panel-title gutena-accordion-block__panel-title\"><div class=\"gutena-accordion-block__panel-title-inner\">\n<h6 class=\"wp-block-heading has-text-align-left\" style=\"margin-top:0px;margin-right:0px;margin-bottom:0px;margin-left:0px\"><strong>Strat\u00e9gies et mesures de mise en \u0153uvre<\/strong><\/h6>\n<div class=\"trigger-plus-minus\"><div class=\"horizontal\"><\/div><div class=\"vertical\"><\/div><\/div><\/div><\/div>\n\n\n\n<div class=\"wp-block-gutena-accordion-panel-content gutena-accordion-block__panel-content\"><div class=\"gutena-accordion-block__panel-content-inner\">\n<ul class=\"wp-block-list\">\n<li>Organiser des ateliers de renforcement des capacit\u00e9s et des cours de formation sur les AMP et la planification spatiale marine.<\/li>\n\n\n\n<li>Organiser des activit\u00e9s de renforcement des capacit\u00e9s et de formation \u00e0 l\u2019application de mesures sectorielles et spatiales (ASPIM, ZMPV, ZPR, AMCE, etc.) aux zones sous et hors juridiction nationale.<\/li>\n\n\n\n<li>\u00c9laborer des cours de formation et des supports qui viennent \u00e0 l\u2019appui du r\u00e9sultat strat\u00e9gique 3 : \u00ab Les AMCE marines et c\u00f4ti\u00e8res de M\u00e9diterran\u00e9e sont identifi\u00e9es, reconnues et signal\u00e9es en vue de la r\u00e9alisation des objectifs mondiaux et r\u00e9gionaux pour l\u2019apr\u00e8s-2020 \u00bb, de la Strat\u00e9gie r\u00e9gionale post-2020 pour les aires marines et c\u00f4ti\u00e8res prot\u00e9g\u00e9es et autres mesures efficaces de conservation par zone en M\u00e9diterran\u00e9e (Convention de Barcelone).<\/li>\n<\/ul>\n<\/div><\/div>\n<\/div>\n\n\n\n<div class=\"wp-block-gutena-accordion-panel gutena-accordion-block__panel\">\n<div class=\"wp-block-gutena-accordion-panel-title gutena-accordion-block__panel-title\"><div class=\"gutena-accordion-block__panel-title-inner\">\n<h6 class=\"wp-block-heading has-text-align-left\" style=\"margin-top:0px;margin-right:0px;margin-bottom:0px;margin-left:0px\"><strong>Niveau g\u00e9ographique correspondant<\/strong><\/h6>\n<div class=\"trigger-plus-minus\"><div class=\"horizontal\"><\/div><div class=\"vertical\"><\/div><\/div><\/div><\/div>\n\n\n\n<div class=\"wp-block-gutena-accordion-panel-content gutena-accordion-block__panel-content\"><div class=\"gutena-accordion-block__panel-content-inner\">\n<ul class=\"wp-block-list\">\n<li>R\u00e9gional<\/li>\n\n\n\n<li>National<\/li>\n<\/ul>\n<\/div><\/div>\n<\/div>\n\n\n\n<div class=\"wp-block-gutena-accordion-panel gutena-accordion-block__panel\">\n<div class=\"wp-block-gutena-accordion-panel-title gutena-accordion-block__panel-title\"><div class=\"gutena-accordion-block__panel-title-inner\">\n<h6 class=\"wp-block-heading has-text-align-left\" style=\"margin-top:0px;margin-right:0px;margin-bottom:0px;margin-left:0px\"><strong>Zones g\u00e9ographiques prioritaires de mise en \u0153uvre<\/strong><\/h6>\n<div class=\"trigger-plus-minus\"><div class=\"horizontal\"><\/div><div class=\"vertical\"><\/div><\/div><\/div><\/div>\n\n\n\n<div class=\"wp-block-gutena-accordion-panel-content gutena-accordion-block__panel-content\"><div class=\"gutena-accordion-block__panel-content-inner\">\n<p>Zones et r\u00e9gions plac\u00e9es sous la juridiction nationale de chaque pays m\u00e9diterran\u00e9en et hors juridiction nationale<\/p>\n<\/div><\/div>\n<\/div>\n\n\n\n<div class=\"wp-block-gutena-accordion-panel gutena-accordion-block__panel\">\n<div class=\"wp-block-gutena-accordion-panel-title gutena-accordion-block__panel-title\"><div class=\"gutena-accordion-block__panel-title-inner\">\n<h6 class=\"wp-block-heading has-text-align-left\" style=\"margin-top:0px;margin-right:0px;margin-bottom:0px;margin-left:0px\"><strong>Parties charg\u00e9es de la mise en \u0153uvre<\/strong><\/h6>\n<div class=\"trigger-plus-minus\"><div class=\"horizontal\"><\/div><div class=\"vertical\"><\/div><\/div><\/div><\/div>\n\n\n\n<div class=\"wp-block-gutena-accordion-panel-content gutena-accordion-block__panel-content\"><div class=\"gutena-accordion-block__panel-content-inner\">\n<ul class=\"wp-block-list\">\n<li>OIG et ONG<\/li>\n\n\n\n<li>Autorit\u00e9s nationales<\/li>\n\n\n\n<li>Pays riverains<\/li>\n\n\n\n<li>PNUE\/PAM-Convention de Barcelone et centres d\u2019activit\u00e9s r\u00e9gionales relevant de la Convention de Barcelone<\/li>\n\n\n\n<li>Centers<\/li>\n\n\n\n<li>Commission g\u00e9n\u00e9rale des p\u00eaches pour la M\u00e9diterran\u00e9e (CGPM)<\/li>\n\n\n\n<li>Organisation maritime internationale (OMI)<\/li>\n\n\n\n<li>CDB<\/li>\n<\/ul>\n<\/div><\/div>\n<\/div>\n\n\n\n<div class=\"wp-block-gutena-accordion-panel gutena-accordion-block__panel\">\n<div class=\"wp-block-gutena-accordion-panel-title gutena-accordion-block__panel-title\"><div class=\"gutena-accordion-block__panel-title-inner\">\n<h6 class=\"wp-block-heading has-text-align-left\" style=\"margin-top:0px;margin-right:0px;margin-bottom:0px;margin-left:0px\"><strong>Indicateurs de r\u00e9ussite<\/strong><\/h6>\n<div class=\"trigger-plus-minus\"><div class=\"horizontal\"><\/div><div class=\"vertical\"><\/div><\/div><\/div><\/div>\n\n\n\n<div class=\"wp-block-gutena-accordion-panel-content gutena-accordion-block__panel-content\"><div class=\"gutena-accordion-block__panel-content-inner\">\n<ul class=\"wp-block-list\">\n<li>Nombre d\u2019ASPIM (hors juridiction nationale), de ZMPV, de ZPR et d\u2019AMCE, et superficie repr\u00e9sent\u00e9e par chacune d\u2019entre elles.<\/li>\n\n\n\n<li>Nombre de cours de formation et de supports \u00e9labor\u00e9s sur les ASPIM, les ZMPV, les ZPR et les AMCE.<\/li>\n<\/ul>\n<\/div><\/div>\n<\/div>\n<\/div>\n\n\n\n<h3 class=\"wp-block-heading has-text-align-center has-tertiary-color has-text-color has-large-font-size\">Recommandation 6.5 MENACES NOUVELLES ET EXISTENTIELLES<\/h3>\n\n\n\n<p>Prendre instamment des mesures qui visent \u00e0 lutter contre les menaces nouvelles et existentielles qui planent sur les AMP, au nombre desquelles les changements climatiques et les espaces exotiques envahissantes.<\/p>\n\n\n\n<div class=\"wp-block-gutena-accordion gutena-accordion-block gutena-accordion-block-57626e-42 is-layout-flow wp-block-accordion-is-layout-flow\" data-single=\"false\">\n<div class=\"wp-block-gutena-accordion-panel gutena-accordion-block__panel\">\n<div class=\"wp-block-gutena-accordion-panel-title gutena-accordion-block__panel-title\"><div class=\"gutena-accordion-block__panel-title-inner\">\n<h6 class=\"wp-block-heading has-text-align-left\" style=\"margin-top:0px;margin-right:0px;margin-bottom:0px;margin-left:0px\"><strong>Strat\u00e9gies et mesures de mise en \u0153uvre<\/strong><\/h6>\n<div class=\"trigger-plus-minus\"><div class=\"horizontal\"><\/div><div class=\"vertical\"><\/div><\/div><\/div><\/div>\n\n\n\n<div class=\"wp-block-gutena-accordion-panel-content gutena-accordion-block__panel-content\"><div class=\"gutena-accordion-block__panel-content-inner\">\n<ul class=\"wp-block-list\">\n<li>\u00c9laborer des orientations sur les menaces nouvelles.<\/li>\n\n\n\n<li>Organiser des activit\u00e9s de renforcement des capacit\u00e9s et de formation aux menaces nouvelles.<\/li>\n\n\n\n<li>Organiser des activit\u00e9s de renforcement des capacit\u00e9s et de formation \u00e0 l\u2019\u00e9laboration de plans d\u2019action en mati\u00e8re d\u2019anticipation et de lutte contre les menaces.<\/li>\n\n\n\n<li>Les bailleurs de fonds devraient octroyer des subventions en faveur d\u2019actions d\u2019envergure petite \u00e0 moyenne aux AMP confront\u00e9es \u00e0 l\u2019apparition de menaces nouvelles<\/li>\n<\/ul>\n<\/div><\/div>\n<\/div>\n\n\n\n<div class=\"wp-block-gutena-accordion-panel gutena-accordion-block__panel\">\n<div class=\"wp-block-gutena-accordion-panel-title gutena-accordion-block__panel-title\"><div class=\"gutena-accordion-block__panel-title-inner\">\n<h6 class=\"wp-block-heading has-text-align-left\" style=\"margin-top:0px;margin-right:0px;margin-bottom:0px;margin-left:0px\"><strong>Niveau g\u00e9ographique correspondant<\/strong><\/h6>\n<div class=\"trigger-plus-minus\"><div class=\"horizontal\"><\/div><div class=\"vertical\"><\/div><\/div><\/div><\/div>\n\n\n\n<div class=\"wp-block-gutena-accordion-panel-content gutena-accordion-block__panel-content\"><div class=\"gutena-accordion-block__panel-content-inner\">\n<ul class=\"wp-block-list\">\n<li>R\u00e9gional<\/li>\n\n\n\n<li>National<\/li>\n\n\n\n<li>AMP<\/li>\n<\/ul>\n<\/div><\/div>\n<\/div>\n\n\n\n<div class=\"wp-block-gutena-accordion-panel gutena-accordion-block__panel\">\n<div class=\"wp-block-gutena-accordion-panel-title gutena-accordion-block__panel-title\"><div class=\"gutena-accordion-block__panel-title-inner\">\n<h6 class=\"wp-block-heading has-text-align-left\" style=\"margin-top:0px;margin-right:0px;margin-bottom:0px;margin-left:0px\"><strong>Zones g\u00e9ographiques prioritaires de mise en \u0153uvre<\/strong><\/h6>\n<div class=\"trigger-plus-minus\"><div class=\"horizontal\"><\/div><div class=\"vertical\"><\/div><\/div><\/div><\/div>\n\n\n\n<div class=\"wp-block-gutena-accordion-panel-content gutena-accordion-block__panel-content\"><div class=\"gutena-accordion-block__panel-content-inner\">\n<p style=\"margin-top:0;margin-bottom:0\">Ensemble des pays m\u00e9diterran\u00e9ens<\/p>\n<\/div><\/div>\n<\/div>\n\n\n\n<div class=\"wp-block-gutena-accordion-panel gutena-accordion-block__panel\">\n<div class=\"wp-block-gutena-accordion-panel-title gutena-accordion-block__panel-title\"><div class=\"gutena-accordion-block__panel-title-inner\">\n<h6 class=\"wp-block-heading has-text-align-left\" style=\"margin-top:0px;margin-right:0px;margin-bottom:0px;margin-left:0px\"><strong>Parties charg\u00e9es de la mise en \u0153uvre<\/strong><\/h6>\n<div class=\"trigger-plus-minus\"><div class=\"horizontal\"><\/div><div class=\"vertical\"><\/div><\/div><\/div><\/div>\n\n\n\n<div class=\"wp-block-gutena-accordion-panel-content gutena-accordion-block__panel-content\"><div class=\"gutena-accordion-block__panel-content-inner\">\n<ul class=\"wp-block-list\">\n<li>OIG et ONG<\/li>\n\n\n\n<li>Gestionnaires d\u2019AMP<\/li>\n\n\n\n<li>ONG r\u00e9gionales et r\u00e9seaux de gestionnaires d\u2019AMP<\/li>\n\n\n\n<li>Bailleurs de fonds<\/li>\n<\/ul>\n<\/div><\/div>\n<\/div>\n\n\n\n<div class=\"wp-block-gutena-accordion-panel gutena-accordion-block__panel\">\n<div class=\"wp-block-gutena-accordion-panel-title gutena-accordion-block__panel-title\"><div class=\"gutena-accordion-block__panel-title-inner\">\n<h6 class=\"wp-block-heading has-text-align-left\" style=\"margin-top:0px;margin-right:0px;margin-bottom:0px;margin-left:0px\"><strong>Indicateurs de r\u00e9ussite<\/strong><\/h6>\n<div class=\"trigger-plus-minus\"><div class=\"horizontal\"><\/div><div class=\"vertical\"><\/div><\/div><\/div><\/div>\n\n\n\n<div class=\"wp-block-gutena-accordion-panel-content gutena-accordion-block__panel-content\"><div class=\"gutena-accordion-block__panel-content-inner\">\n<ul class=\"wp-block-list\">\n<li>Nombre de documents d\u2019orientation \u00e9labor\u00e9s sur les menaces nouvelles<\/li>\n\n\n\n<li>Nombre d\u2019activit\u00e9s organis\u00e9es de renforcement des capacit\u00e9s et de formation aux menaces nouvelles.<\/li>\n\n\n\n<li>Nombre de personnes ayant particip\u00e9 \u00e0 des activit\u00e9s de renforcement des capacit\u00e9s et de formation aux menaces nouvelles.<\/li>\n<\/ul>\n<\/div><\/div>\n<\/div>\n<\/div>\n","protected":false},"excerpt":{"rendered":"<p>OBJECTIFS STRAT\u00c9GIQUE 6 Recommendation 6.1 MISE EN R\u00c9SEAU Appuyer, \u00e0 tous les niveaux, la mise en r\u00e9seau des gestionnaires d\u2019AMP et des parties prenantes des AMP afin de g\u00e9n\u00e9raliser les bonnes pratiques et de tisser des liens permanents entre les r\u00e9seaux de gestionnaires d\u2019AMP et les autres r\u00e9seaux de parties prenantes, de sorte que les [&hellip;]<\/p>\n","protected":false},"author":1,"featured_media":0,"parent":818,"menu_order":6,"comment_status":"closed","ping_status":"closed","template":"wp-custom-template-strategic-objective-page","meta":{"_eb_attr":"","footnotes":""},"class_list":["post-830","page","type-page","status-publish","hentry"],"_links":{"self":[{"href":"https:\/\/www.medmpaforum.org\/fr\/wp-json\/wp\/v2\/pages\/830","targetHints":{"allow":["GET"]}}],"collection":[{"href":"https:\/\/www.medmpaforum.org\/fr\/wp-json\/wp\/v2\/pages"}],"about":[{"href":"https:\/\/www.medmpaforum.org\/fr\/wp-json\/wp\/v2\/types\/page"}],"author":[{"embeddable":true,"href":"https:\/\/www.medmpaforum.org\/fr\/wp-json\/wp\/v2\/users\/1"}],"replies":[{"embeddable":true,"href":"https:\/\/www.medmpaforum.org\/fr\/wp-json\/wp\/v2\/comments?post=830"}],"version-history":[{"count":4,"href":"https:\/\/www.medmpaforum.org\/fr\/wp-json\/wp\/v2\/pages\/830\/revisions"}],"predecessor-version":[{"id":1607,"href":"https:\/\/www.medmpaforum.org\/fr\/wp-json\/wp\/v2\/pages\/830\/revisions\/1607"}],"up":[{"embeddable":true,"href":"https:\/\/www.medmpaforum.org\/fr\/wp-json\/wp\/v2\/pages\/818"}],"wp:attachment":[{"href":"https:\/\/www.medmpaforum.org\/fr\/wp-json\/wp\/v2\/media?parent=830"}],"curies":[{"name":"wp","href":"https:\/\/api.w.org\/{rel}","templated":true}]}}